{"id":26112,"date":"2021-03-04T18:52:31","date_gmt":"2021-03-04T18:52:31","guid":{"rendered":"http:\/\/arlsaido.ch\/wordpress\/?page_id=26112"},"modified":"2021-03-26T15:46:39","modified_gmt":"2021-03-26T15:46:39","slug":"serie-norwegen-i","status":"publish","type":"page","link":"https:\/\/arlsaido.ch\/wordpress\/arlsaido-home\/fine-art-photography\/serie-norwegen-i","title":{"rendered":"Serie Norwegen I"},"content":{"rendered":"<p>[vc_row row_type=&#187;row&#187; use_row_as_full_screen_section=&#187;no&#187; type=&#187;full_width&#187; text_align=&#187;left&#187; background_animation=&#187;none&#187; css_animation=&#187;&#187;][vc_column offset=&#187;vc_hidden-xs&#187;][vc_empty_space height=&#187;25px&#187;][\/vc_column][\/vc_row][vc_row row_type=&#187;row&#187; use_row_as_full_screen_section=&#187;yes&#187; type=&#187;full_width&#187; text_align=&#187;center&#187; background_animation=&#187;none&#187; padding_top=&#187;0px&#187; css_animation=&#187;&#187; css=&#187;.vc_custom_1616767374413{padding-right: 9px !important;padding-left: 9px !important;}&#187;][vc_column][vc_row_inner row_type=&#187;row&#187; type=&#187;full_width&#187; use_row_as_full_screen_section_slide=&#187;no&#187; anchor=&#187;Vestfjord&#187; text_align=&#187;center&#187; css_animation=&#187;&#187; css=&#187;.vc_custom_1614941257349{margin-bottom: 95px !important;}&#187;][vc_column_inner css=&#187;.vc_custom_1598024853268{padding-top: 5px !important;}&#187;][vc_single_image image=&#187;26160&#8243; img_size=&#187;full&#187; alignment=&#187;center&#187; onclick=&#187;custom_link&#187; qode_css_animation=&#187;&#187; link=&#187;https:\/\/arlsaido.ch\/wordpress\/arlsaido-home\/fine-art-photography\/serie-norwegen-i-ov&#187;][vc_column_text css=&#187;.vc_custom_1616695331689{margin-top: 25px !important;padding-top: 35px !important;padding-right: 25px !important;padding-left: 25px !important;background-image: url(https:\/\/arlsaido.ch\/wordpress\/wp-content\/uploads\/2020\/08\/Rand_Textblock_lo.png?id=24675) !important;background-position: 0 0 !important;background-repeat: no-repeat !important;}&#187;]<\/p>\n<h5 style=\"text-align: left;\">\u00a0 Wolken \u00fcber dem Vestfjord<\/h5>\n<p>&nbsp;<\/p>\n<p style=\"text-align: left;\">Blick von Reine &#8211;\u00a0Flakstad, Moskenes\u00f8y, Lofoten (nordsamisch: Lofuohta oder V\u00e1hki), Nordland<\/p>\n<p style=\"text-align: left;\">Norwegen\u00a02019<\/p>\n<p>[\/vc_column_text][\/vc_column_inner][\/vc_row_inner][vc_row_inner row_type=&#187;row&#187; type=&#187;full_width&#187; use_row_as_full_screen_section_slide=&#187;no&#187; anchor=&#187;Wasserfall_Nebel&#187; text_align=&#187;center&#187; css_animation=&#187;&#187; css=&#187;.vc_custom_1614943445527{margin-bottom: 95px !important;}&#187;][vc_column_inner][vc_single_image image=&#187;26167&#8243; img_size=&#187;full&#187; alignment=&#187;center&#187; onclick=&#187;custom_link&#187; qode_css_animation=&#187;&#187; css=&#187;.vc_custom_1614947183781{padding-right: 19.125% !important;padding-left: 19.125% !important;}&#187; link=&#187;https:\/\/arlsaido.ch\/wordpress\/arlsaido-home\/fine-art-photography\/serie-norwegen-i-ov&#187;][vc_column_text css=&#187;.vc_custom_1616695339229{margin-top: 25px !important;padding-top: 35px !important;padding-right: 25px !important;padding-left: 25px !important;background-image: url(https:\/\/arlsaido.ch\/wordpress\/wp-content\/uploads\/2020\/08\/Rand_Textblock_lo.png?id=24675) !important;background-position: 0 0 !important;background-repeat: no-repeat !important;}&#187;]<\/p>\n<h5 style=\"text-align: left;\"><\/h5>\n<h5 style=\"text-align: left;\">\u00a0 Wasserfall im Nebel<\/h5>\n<p>&nbsp;<\/p>\n<p style=\"text-align: left;\">Trollstigen (Trollleiter), M\u00f8re og Romsdal<\/p>\n<p style=\"text-align: left;\">Norwegen\u00a02019<\/p>\n<p>[\/vc_column_text][\/vc_column_inner][\/vc_row_inner][vc_row_inner row_type=&#187;row&#187; type=&#187;full_width&#187; use_row_as_full_screen_section_slide=&#187;no&#187; anchor=&#187;Impression_1&#8243; text_align=&#187;center&#187; css_animation=&#187;&#187; css=&#187;.vc_custom_1614941386545{margin-bottom: 95px !important;}&#187;][vc_column_inner][vc_single_image image=&#187;26162&#8243; img_size=&#187;full&#187; alignment=&#187;center&#187; onclick=&#187;custom_link&#187; qode_css_animation=&#187;&#187; link=&#187;https:\/\/arlsaido.ch\/wordpress\/arlsaido-home\/fine-art-photography\/serie-norwegen-i-ov&#187;][vc_column_text css=&#187;.vc_custom_1616695346968{margin-top: 25px !important;padding-top: 35px !important;padding-right: 25px !important;padding-left: 25px !important;background-image: url(https:\/\/arlsaido.ch\/wordpress\/wp-content\/uploads\/2020\/08\/Rand_Textblock_lo.png?id=24675) !important;background-position: 0 0 !important;background-repeat: no-repeat !important;}&#187;]<\/p>\n<h5 style=\"text-align: left;\"><\/h5>\n<h5 style=\"text-align: left;\">\u00a0 Impression<\/h5>\n<p>&nbsp;<\/p>\n<p style=\"text-align: left;\">.. auf der Wanderung zur Munkebu Schutzh\u00fctte (407 m) bei S\u00f8rv\u00e5gen &#8211; Moskenes\u00f8y, Lofoten (nordsamisch: Lofuohta oder V\u00e1hki), Nordland<\/p>\n<p style=\"text-align: left;\">Norwegen\u00a02019<\/p>\n<p>[\/vc_column_text][\/vc_column_inner][\/vc_row_inner][vc_row_inner row_type=&#187;row&#187; type=&#187;full_width&#187; use_row_as_full_screen_section_slide=&#187;no&#187; anchor=&#187;Stockfisch&#187; text_align=&#187;center&#187; css_animation=&#187;&#187; css=&#187;.vc_custom_1614941401676{margin-bottom: 95px !important;}&#187;][vc_column_inner][vc_single_image image=&#187;26163&#8243; img_size=&#187;full&#187; alignment=&#187;center&#187; onclick=&#187;custom_link&#187; qode_css_animation=&#187;&#187; link=&#187;https:\/\/arlsaido.ch\/wordpress\/arlsaido-home\/fine-art-photography\/serie-norwegen-i-ov&#187;][vc_column_text css=&#187;.vc_custom_1616695355777{margin-top: 25px !important;padding-top: 35px !important;padding-right: 25px !important;padding-left: 25px !important;background-image: url(https:\/\/arlsaido.ch\/wordpress\/wp-content\/uploads\/2020\/08\/Rand_Textblock_lo.png?id=24675) !important;background-position: 0 0 !important;background-repeat: no-repeat !important;}&#187;]<\/p>\n<h5 style=\"text-align: left;\">\u00a0 Stockfisch<\/h5>\n<p>&nbsp;<\/p>\n<p style=\"text-align: left;\">Fredvang, Flakstad, Moskenes\u00f8y, Lofoten (nordsamisch: Lofuohta oder V\u00e1hki), Nordland<\/p>\n<p style=\"text-align: left;\">Norwegen\u00a02019<\/p>\n<p>[\/vc_column_text][\/vc_column_inner][\/vc_row_inner][vc_row_inner row_type=&#187;row&#187; type=&#187;full_width&#187; use_row_as_full_screen_section_slide=&#187;no&#187; anchor=&#187;Boot&#187; text_align=&#187;center&#187; css_animation=&#187;&#187; css=&#187;.vc_custom_1614941464709{margin-bottom: 95px !important;}&#187;][vc_column_inner][vc_single_image image=&#187;26200&#8243; img_size=&#187;full&#187; alignment=&#187;center&#187; onclick=&#187;custom_link&#187; qode_css_animation=&#187;&#187; css=&#187;.vc_custom_1615200225390{padding-right: 19.125% !important;padding-left: 19.125% !important;}&#187; link=&#187;https:\/\/arlsaido.ch\/wordpress\/arlsaido-home\/fine-art-photography\/serie-norwegen-i-ov&#187;][vc_column_text css=&#187;.vc_custom_1616695363110{margin-top: 25px !important;padding-top: 35px !important;padding-right: 25px !important;padding-left: 25px !important;background-image: url(https:\/\/arlsaido.ch\/wordpress\/wp-content\/uploads\/2020\/08\/Rand_Textblock_lo.png?id=24675) !important;background-position: 0 0 !important;background-repeat: no-repeat !important;}&#187;]<\/p>\n<h5 style=\"text-align: left;\">\u00a0 Das wartende Boot<\/h5>\n<p>&nbsp;<\/p>\n<p style=\"text-align: left;\">.. im K\u00fcstendorf Bud, Hustadvika, M\u00f8re og Romsdal<\/p>\n<p style=\"text-align: left;\">Norwegen\u00a02019<\/p>\n<p>[\/vc_column_text][\/vc_column_inner][\/vc_row_inner][vc_row_inner row_type=&#187;row&#187; type=&#187;full_width&#187; use_row_as_full_screen_section_slide=&#187;no&#187; anchor=&#187;Kafjord&#187; text_align=&#187;center&#187; css_animation=&#187;&#187; css=&#187;.vc_custom_1614941574430{margin-bottom: 95px !important;}&#187;][vc_column_inner][vc_single_image image=&#187;26169&#8243; img_size=&#187;full&#187; alignment=&#187;center&#187; onclick=&#187;custom_link&#187; qode_css_animation=&#187;&#187; link=&#187;https:\/\/arlsaido.ch\/wordpress\/arlsaido-home\/fine-art-photography\/serie-norwegen-i-ov&#187;][vc_column_text css=&#187;.vc_custom_1616695372135{margin-top: 25px !important;padding-top: 35px !important;padding-right: 25px !important;padding-left: 25px !important;background-image: url(https:\/\/arlsaido.ch\/wordpress\/wp-content\/uploads\/2020\/08\/Rand_Textblock_lo.png?id=24675) !important;background-position: 0 0 !important;background-repeat: no-repeat !important;}&#187;]<\/p>\n<h5 style=\"text-align: left;\">\u00a0 Lichtstimmung \u00fcber dem K\u00e5fjord<\/h5>\n<p>&nbsp;<\/p>\n<p style=\"text-align: left;\">K\u00e5fjord, Troms og Finnmark<\/p>\n<p style=\"text-align: left;\">Norwegen\u00a02019<\/p>\n<p>[\/vc_column_text][\/vc_column_inner][\/vc_row_inner][vc_row_inner row_type=&#187;row&#187; type=&#187;full_width&#187; use_row_as_full_screen_section_slide=&#187;no&#187; anchor=&#187;Munkebu&#187; text_align=&#187;center&#187; css_animation=&#187;&#187; css=&#187;.vc_custom_1614941600317{margin-bottom: 95px !important;}&#187;][vc_column_inner][vc_single_image image=&#187;26220&#8243; img_size=&#187;full&#187; alignment=&#187;center&#187; onclick=&#187;custom_link&#187; qode_css_animation=&#187;&#187; link=&#187;https:\/\/arlsaido.ch\/wordpress\/arlsaido-home\/fine-art-photography\/serie-norwegen-i-ov&#187;][vc_column_text css=&#187;.vc_custom_1616695380033{margin-top: 25px !important;padding-top: 35px !important;padding-right: 25px !important;padding-left: 25px !important;background-image: url(https:\/\/arlsaido.ch\/wordpress\/wp-content\/uploads\/2020\/08\/Rand_Textblock_lo.png?id=24675) !important;background-position: 0 0 !important;background-repeat: no-repeat !important;}&#187;]<\/p>\n<h5 style=\"text-align: left;\">\u00a0 Munkebu Schutzh\u00fctte (407 m)<\/h5>\n<p>&nbsp;<\/p>\n<p style=\"text-align: left;\">.. bei S\u00f8rv\u00e5gen &#8211; Moskenes\u00f8y, Lofoten (nordsamisch: Lofuohta oder V\u00e1hki), Nordland<\/p>\n<p style=\"text-align: left;\">Norwegen\u00a02019<\/p>\n<p>[\/vc_column_text][\/vc_column_inner][\/vc_row_inner][vc_row_inner row_type=&#187;row&#187; type=&#187;full_width&#187; use_row_as_full_screen_section_slide=&#187;no&#187; anchor=&#187;Trollstigen&#187; text_align=&#187;center&#187; css_animation=&#187;&#187; css=&#187;.vc_custom_1614941722278{margin-bottom: 95px !important;}&#187;][vc_column_inner][vc_single_image image=&#187;26166&#8243; img_size=&#187;full&#187; alignment=&#187;center&#187; onclick=&#187;custom_link&#187; qode_css_animation=&#187;&#187; css=&#187;.vc_custom_1614947276580{padding-right: 19.125% !important;padding-left: 19.125% !important;}&#187; link=&#187;https:\/\/arlsaido.ch\/wordpress\/arlsaido-home\/fine-art-photography\/serie-norwegen-i-ov&#187;][vc_column_text css=&#187;.vc_custom_1616695392137{margin-top: 25px !important;padding-top: 35px !important;padding-right: 25px !important;padding-left: 25px !important;background-image: url(https:\/\/arlsaido.ch\/wordpress\/wp-content\/uploads\/2020\/08\/Rand_Textblock_lo.png?id=24675) !important;background-position: 0 0 !important;background-repeat: no-repeat !important;}&#187;]<\/p>\n<h5 style=\"text-align: left;\">\u00a0 Trollstigen<\/h5>\n<p>&nbsp;<\/p>\n<p style=\"text-align: left;\">Trollstigen (Trollleiter), M\u00f8re og Romsdal<\/p>\n<p style=\"text-align: left;\">Norwegen\u00a02019<\/p>\n<p>[\/vc_column_text][\/vc_column_inner][\/vc_row_inner][vc_row_inner row_type=&#187;row&#187; type=&#187;full_width&#187; use_row_as_full_screen_section_slide=&#187;no&#187; anchor=&#187;Impression_2&#8243; text_align=&#187;center&#187; css_animation=&#187;&#187; css=&#187;.vc_custom_1615467498588{margin-bottom: 95px !important;}&#187;][vc_column_inner][vc_single_image image=&#187;26230&#8243; img_size=&#187;full&#187; alignment=&#187;center&#187; onclick=&#187;custom_link&#187; qode_css_animation=&#187;&#187; link=&#187;https:\/\/arlsaido.ch\/wordpress\/arlsaido-home\/fine-art-photography\/serie-norwegen-i-ov&#187;][vc_column_text css=&#187;.vc_custom_1616695398785{margin-top: 25px !important;padding-top: 35px !important;padding-right: 25px !important;padding-left: 25px !important;background-image: url(https:\/\/arlsaido.ch\/wordpress\/wp-content\/uploads\/2020\/08\/Rand_Textblock_lo.png?id=24675) !important;background-position: 0 0 !important;background-repeat: no-repeat !important;}&#187;]<\/p>\n<h5 style=\"text-align: left;\">\u00a0 Impression<\/h5>\n<p>&nbsp;<\/p>\n<p style=\"text-align: left;\">.. auf der Wanderung zur Munkebu Schutzh\u00fctte (407 m) bei S\u00f8rv\u00e5gen &#8211; Moskenes\u00f8y, Lofoten (nordsamisch: Lofuohta oder V\u00e1hki), Nordland<\/p>\n<p style=\"text-align: left;\">Norwegen\u00a02019<\/p>\n<p>[\/vc_column_text][\/vc_column_inner][\/vc_row_inner][vc_row_inner row_type=&#187;row&#187; type=&#187;full_width&#187; use_row_as_full_screen_section_slide=&#187;no&#187; anchor=&#187;GrenseJakobselv_1&#8243; text_align=&#187;center&#187; css_animation=&#187;&#187; css=&#187;.vc_custom_1614948933828{margin-bottom: 95px !important;}&#187;][vc_column_inner][vc_single_image image=&#187;26217&#8243; img_size=&#187;full&#187; alignment=&#187;center&#187; onclick=&#187;custom_link&#187; qode_css_animation=&#187;&#187; link=&#187;https:\/\/arlsaido.ch\/wordpress\/arlsaido-home\/fine-art-photography\/serie-norwegen-i-ov&#187;][vc_column_text css=&#187;.vc_custom_1616695404872{margin-top: 25px !important;padding-top: 35px !important;padding-right: 25px !important;padding-left: 25px !important;background-image: url(https:\/\/arlsaido.ch\/wordpress\/wp-content\/uploads\/2020\/08\/Rand_Textblock_lo.png?id=24675) !important;background-position: 0 0 !important;background-repeat: no-repeat !important;}&#187;]<\/p>\n<h5 style=\"text-align: left;\">\u00a0 Impression<\/h5>\n<p>&nbsp;<\/p>\n<p style=\"text-align: left;\">Grense Jakobselv, S\u00f8r-Varanger, Troms og Finnmark<\/p>\n<p style=\"text-align: left;\">Norwegen\u00a02019<\/p>\n<p>[\/vc_column_text][\/vc_column_inner][\/vc_row_inner][vc_row_inner row_type=&#187;row&#187; type=&#187;full_width&#187; use_row_as_full_screen_section_slide=&#187;no&#187; anchor=&#187;Seeadler&#187; text_align=&#187;center&#187; css_animation=&#187;&#187; css=&#187;.vc_custom_1614941911108{margin-bottom: 95px !important;}&#187;][vc_column_inner][vc_single_image image=&#187;26243&#8243; img_size=&#187;full&#187; alignment=&#187;center&#187; onclick=&#187;custom_link&#187; qode_css_animation=&#187;&#187; css=&#187;.vc_custom_1615807932272{padding-right: 19.125% !important;padding-left: 19.125% !important;}&#187; link=&#187;https:\/\/arlsaido.ch\/wordpress\/arlsaido-home\/fine-art-photography\/serie-norwegen-i-ov&#187;][vc_column_text css=&#187;.vc_custom_1616695415851{margin-top: 25px !important;padding-top: 35px !important;padding-right: 25px !important;padding-left: 25px !important;background-image: url(https:\/\/arlsaido.ch\/wordpress\/wp-content\/uploads\/2020\/08\/Rand_Textblock_lo.png?id=24675) !important;background-position: 0 0 !important;background-repeat: no-repeat !important;}&#187;]<\/p>\n<h5 style=\"text-align: left;\">\u00a0 Der Seeadler oder die Seeadlerin ..<\/h5>\n<p>&nbsp;<\/p>\n<p style=\"text-align: left;\">Grunnf\u00f8r, Austv\u00e5g\u00f8y, Lofoten (nordsamisch: Lofuohta oder V\u00e1hki), Nordland<\/p>\n<p style=\"text-align: left;\">Norwegen\u00a02019<\/p>\n<p>[\/vc_column_text][\/vc_column_inner][\/vc_row_inner][vc_row_inner row_type=&#187;row&#187; type=&#187;full_width&#187; use_row_as_full_screen_section_slide=&#187;no&#187; anchor=&#187;Rentier_1&#8243; text_align=&#187;center&#187; css_animation=&#187;&#187; css=&#187;.vc_custom_1615467839249{margin-bottom: 95px !important;}&#187;][vc_column_inner][vc_single_image image=&#187;26235&#8243; img_size=&#187;full&#187; alignment=&#187;center&#187; onclick=&#187;custom_link&#187; qode_css_animation=&#187;&#187; link=&#187;https:\/\/arlsaido.ch\/wordpress\/arlsaido-home\/fine-art-photography\/serie-norwegen-i-ov&#187;][vc_column_text css=&#187;.vc_custom_1616695429646{margin-top: 25px !important;padding-top: 35px !important;padding-right: 25px !important;padding-left: 25px !important;background-image: url(https:\/\/arlsaido.ch\/wordpress\/wp-content\/uploads\/2020\/08\/Rand_Textblock_lo.png?id=24675) !important;background-position: 0 0 !important;background-repeat: no-repeat !important;}&#187;]<\/p>\n<h5 style=\"text-align: left;\">\u00a0 das kleine Rentier<\/h5>\n<p>&nbsp;<\/p>\n<p style=\"text-align: left;\">Slettnes, Nordkinnhalv\u00f8ya (Nordkinnhalbinsel), Troms og Finnmark<\/p>\n<p style=\"text-align: left;\">Norwegen\u00a02019<\/p>\n<p>[\/vc_column_text][\/vc_column_inner][\/vc_row_inner][vc_row_inner row_type=&#187;row&#187; type=&#187;full_width&#187; use_row_as_full_screen_section_slide=&#187;no&#187; anchor=&#187;Mitternachtssonne&#187; text_align=&#187;center&#187; css_animation=&#187;&#187;][vc_column_inner][vc_single_image image=&#187;26165&#8243; img_size=&#187;full&#187; alignment=&#187;center&#187; onclick=&#187;custom_link&#187; qode_css_animation=&#187;&#187; link=&#187;https:\/\/arlsaido.ch\/wordpress\/arlsaido-home\/fine-art-photography\/serie-norwegen-i-ov&#187;][vc_column_text css=&#187;.vc_custom_1616695435631{margin-top: 25px !important;padding-top: 35px !important;padding-right: 25px !important;padding-left: 25px !important;background-image: url(https:\/\/arlsaido.ch\/wordpress\/wp-content\/uploads\/2020\/08\/Rand_Textblock_lo.png?id=24675) !important;background-position: 0 0 !important;background-repeat: no-repeat !important;}&#187;]<\/p>\n<h5 style=\"text-align: left;\">\u00a0 Mitternachtssonne<\/h5>\n<p>&nbsp;<\/p>\n<p style=\"text-align: left;\">Harstad, Troms og Finnmark<\/p>\n<p style=\"text-align: left;\">Norwegen\u00a02019<\/p>\n<p>[\/vc_column_text][\/vc_column_inner][\/vc_row_inner][\/vc_column][\/vc_row][vc_row row_type=&#187;row&#187; use_row_as_full_screen_section=&#187;yes&#187; type=&#187;full_width&#187; text_align=&#187;left&#187; background_animation=&#187;none&#187; css_animation=&#187;&#187; css=&#187;.vc_custom_1616773581191{margin-bottom: 55px !important;background-position: 0 0 !important;background-repeat: no-repeat !important;}&#187;][vc_column][vc_row_inner row_type=&#187;row&#187; type=&#187;full_width&#187; use_row_as_full_screen_section_slide=&#187;yes&#187; text_align=&#187;center&#187; css_animation=&#187;&#187;][vc_column_inner css=&#187;.vc_custom_1597836285347{margin-top: 35px !important;margin-bottom: 55px !important;background-position: 0 0 !important;background-repeat: no-repeat !important;}&#187; offset=&#187;vc_hidden-xs&#187;]<a href=\"https:\/\/arlsaido.ch\/wordpress\/arlsaido-home\/fine-art-photography\/serie-norwegen-i-ov\" target=\"_self\"  class=\"qbutton  display_dash qbutton_with_icon\" style=\"\">Overview<i class=\"qode_icon_font_awesome fa  button_icon\" style=\"\" ><\/i><\/a>[\/vc_column_inner][\/vc_row_inner][vc_row_inner row_type=&#187;row&#187; type=&#187;full_width&#187; use_row_as_full_screen_section_slide=&#187;yes&#187; text_align=&#187;center&#187; css_animation=&#187;&#187;][vc_column_inner css=&#187;.vc_custom_1597942998086{margin-top: -55px !important;background-position: 0 0 !important;background-repeat: no-repeat !important;}&#187; offset=&#187;vc_hidden-lg vc_hidden-md vc_hidden-sm&#187;]<a href=\"https:\/\/arlsaido.ch\/wordpress\/arlsaido-home\/fine-art-photography\/serie-norwegen-i-ov\" target=\"_self\"  class=\"qbutton  display_dash qbutton_with_icon\" style=\"\">Overview<i class=\"qode_icon_font_awesome fa  button_icon\" style=\"\" ><\/i><\/a>[\/vc_column_inner][\/vc_row_inner][\/vc_column][\/vc_row]<\/p>\n","protected":false},"excerpt":{"rendered":"<p>[vc_row row_type=&#187;row&#187; use_row_as_full_screen_section=&#187;no&#187; type=&#187;full_width&#187; text_align=&#187;left&#187; background_animation=&#187;none&#187; css_animation=&#187;&#187;][vc_column offset=&#187;vc_hidden-xs&#187;][vc_empty_space height=&#187;25px&#187;][\/vc_column][\/vc_row][vc_row row_type=&#187;row&#187; use_row_as_full_screen_section=&#187;yes&#187; type=&#187;full_width&#187; text_align=&#187;center&#187; background_animation=&#187;none&#187; padding_top=&#187;0px&#187; css_animation=&#187;&#187; css=&#187;.vc_custom_1616767374413{padding-right: 9px !important;padding-left: 9px !important;}&#187;][vc_column][vc_row_inner row_type=&#187;row&#187; type=&#187;full_width&#187; use_row_as_full_screen_section_slide=&#187;no&#187; anchor=&#187;Vestfjord&#187; text_align=&#187;center&#187; css_animation=&#187;&#187; css=&#187;.vc_custom_1614941257349{margin-bottom: 95px !important;}&#187;][vc_column_inner css=&#187;.vc_custom_1598024853268{padding-top: 5px !important;}&#187;][vc_single_image image=&#187;26160&#8243; img_size=&#187;full&#187; alignment=&#187;center&#187; onclick=&#187;custom_link&#187; qode_css_animation=&#187;&#187; link=&#187;https:\/\/arlsaido.ch\/wordpress\/arlsaido-home\/fine-art-photography\/serie-norwegen-i-ov&#187;][vc_column_text css=&#187;.vc_custom_1616695331689{margin-top: 25px !important;padding-top: 35px !important;padding-right: 25px&#8230;<\/p>\n","protected":false},"author":1,"featured_media":0,"parent":24598,"menu_order":0,"comment_status":"closed","ping_status":"closed","template":"full_width.php","meta":{"footnotes":""},"class_list":["post-26112","page","type-page","status-publish","hentry"],"yoast_head":"<!-- This site is optimized with the Yoast SEO plugin v28.0 - https:\/\/yoast.com\/product\/yoast-seo-wordpress\/ -->\n<title>Serie Norwegen I - ARLSAIDO<\/title>\n<meta name=\"robots\" content=\"index, follow, max-snippet:-1, max-image-preview:large, max-video-preview:-1\" \/>\n<link rel=\"canonical\" href=\"https:\/\/arlsaido.ch\/wordpress\/arlsaido-home\/fine-art-photography\/serie-norwegen-i\" \/>\n<meta property=\"og:locale\" content=\"de_DE\" \/>\n<meta property=\"og:type\" content=\"article\" \/>\n<meta property=\"og:title\" content=\"Serie Norwegen I - ARLSAIDO\" \/>\n<meta property=\"og:description\" content=\"[vc_row row_type=&#187;row&#187; use_row_as_full_screen_section=&#187;no&#187; type=&#187;full_width&#187; text_align=&#187;left&#187; background_animation=&#187;none&#187; css_animation=&#187;&#187;][vc_column offset=&#187;vc_hidden-xs&#187;][vc_empty_space height=&#187;25px&#187;][\/vc_column][\/vc_row][vc_row row_type=&#187;row&#187; use_row_as_full_screen_section=&#187;yes&#187; type=&#187;full_width&#187; text_align=&#187;center&#187; background_animation=&#187;none&#187; padding_top=&#187;0px&#187; css_animation=&#187;&#187; css=&#187;.vc_custom_1616767374413{padding-right: 9px !important;padding-left: 9px !important;}&#187;][vc_column][vc_row_inner row_type=&#187;row&#187; type=&#187;full_width&#187; use_row_as_full_screen_section_slide=&#187;no&#187; anchor=&#187;Vestfjord&#187; text_align=&#187;center&#187; css_animation=&#187;&#187; css=&#187;.vc_custom_1614941257349{margin-bottom: 95px !important;}&#187;][vc_column_inner css=&#187;.vc_custom_1598024853268{padding-top: 5px !important;}&#187;][vc_single_image image=&#187;26160&#8243; img_size=&#187;full&#187; alignment=&#187;center&#187; onclick=&#187;custom_link&#187; qode_css_animation=&#187;&#187; link=&#187;https:\/\/arlsaido.ch\/wordpress\/arlsaido-home\/fine-art-photography\/serie-norwegen-i-ov&#187;][vc_column_text css=&#187;.vc_custom_1616695331689{margin-top: 25px !important;padding-top: 35px !important;padding-right: 25px...\" \/>\n<meta property=\"og:url\" content=\"https:\/\/arlsaido.ch\/wordpress\/arlsaido-home\/fine-art-photography\/serie-norwegen-i\" \/>\n<meta property=\"og:site_name\" content=\"ARLSAIDO\" \/>\n<meta property=\"article:modified_time\" content=\"2021-03-26T15:46:39+00:00\" \/>\n<meta name=\"twitter:card\" content=\"summary_large_image\" \/>\n<meta name=\"twitter:label1\" content=\"Gesch\u00e4tzte Lesezeit\" \/>\n\t<meta name=\"twitter:data1\" content=\"3\u00a0Minuten\" \/>\n<!-- \/ Yoast SEO plugin. -->","yoast_head_json":{"title":"Serie Norwegen I - ARLSAIDO","robots":{"index":"index","follow":"follow","max-snippet":"max-snippet:-1","max-image-preview":"max-image-preview:large","max-video-preview":"max-video-preview:-1"},"canonical":"https:\/\/arlsaido.ch\/wordpress\/arlsaido-home\/fine-art-photography\/serie-norwegen-i","og_locale":"de_DE","og_type":"article","og_title":"Serie Norwegen I - ARLSAIDO","og_description":"[vc_row row_type=&#187;row&#187; use_row_as_full_screen_section=&#187;no&#187; type=&#187;full_width&#187; text_align=&#187;left&#187; background_animation=&#187;none&#187; css_animation=&#187;&#187;][vc_column offset=&#187;vc_hidden-xs&#187;][vc_empty_space height=&#187;25px&#187;][\/vc_column][\/vc_row][vc_row row_type=&#187;row&#187; use_row_as_full_screen_section=&#187;yes&#187; type=&#187;full_width&#187; text_align=&#187;center&#187; background_animation=&#187;none&#187; padding_top=&#187;0px&#187; css_animation=&#187;&#187; css=&#187;.vc_custom_1616767374413{padding-right: 9px !important;padding-left: 9px !important;}&#187;][vc_column][vc_row_inner row_type=&#187;row&#187; type=&#187;full_width&#187; use_row_as_full_screen_section_slide=&#187;no&#187; anchor=&#187;Vestfjord&#187; text_align=&#187;center&#187; css_animation=&#187;&#187; css=&#187;.vc_custom_1614941257349{margin-bottom: 95px !important;}&#187;][vc_column_inner css=&#187;.vc_custom_1598024853268{padding-top: 5px !important;}&#187;][vc_single_image image=&#187;26160&#8243; img_size=&#187;full&#187; alignment=&#187;center&#187; onclick=&#187;custom_link&#187; qode_css_animation=&#187;&#187; link=&#187;https:\/\/arlsaido.ch\/wordpress\/arlsaido-home\/fine-art-photography\/serie-norwegen-i-ov&#187;][vc_column_text css=&#187;.vc_custom_1616695331689{margin-top: 25px !important;padding-top: 35px !important;padding-right: 25px...","og_url":"https:\/\/arlsaido.ch\/wordpress\/arlsaido-home\/fine-art-photography\/serie-norwegen-i","og_site_name":"ARLSAIDO","article_modified_time":"2021-03-26T15:46:39+00:00","twitter_card":"summary_large_image","twitter_misc":{"Gesch\u00e4tzte Lesezeit":"3\u00a0Minuten"},"schema":{"@context":"https:\/\/schema.org","@graph":[{"@type":"WebPage","@id":"https:\/\/arlsaido.ch\/wordpress\/arlsaido-home\/fine-art-photography\/serie-norwegen-i","url":"https:\/\/arlsaido.ch\/wordpress\/arlsaido-home\/fine-art-photography\/serie-norwegen-i","name":"Serie Norwegen I - ARLSAIDO","isPartOf":{"@id":"https:\/\/arlsaido.ch\/wordpress\/#website"},"datePublished":"2021-03-04T18:52:31+00:00","dateModified":"2021-03-26T15:46:39+00:00","breadcrumb":{"@id":"https:\/\/arlsaido.ch\/wordpress\/arlsaido-home\/fine-art-photography\/serie-norwegen-i#breadcrumb"},"inLanguage":"de-CH","potentialAction":[{"@type":"ReadAction","target":["https:\/\/arlsaido.ch\/wordpress\/arlsaido-home\/fine-art-photography\/serie-norwegen-i"]}]},{"@type":"BreadcrumbList","@id":"https:\/\/arlsaido.ch\/wordpress\/arlsaido-home\/fine-art-photography\/serie-norwegen-i#breadcrumb","itemListElement":[{"@type":"ListItem","position":1,"name":"Home","item":"https:\/\/arlsaido.ch\/wordpress\/"},{"@type":"ListItem","position":2,"name":"ARLSAIDO Home","item":"https:\/\/arlsaido.ch\/wordpress\/"},{"@type":"ListItem","position":3,"name":"Fine Art Photography","item":"https:\/\/arlsaido.ch\/wordpress\/arlsaido-home\/fine-art-photography"},{"@type":"ListItem","position":4,"name":"Serie Norwegen I"}]},{"@type":"WebSite","@id":"https:\/\/arlsaido.ch\/wordpress\/#website","url":"https:\/\/arlsaido.ch\/wordpress\/","name":"ARLSAIDO","description":"photography, camera painting, gigapixel images","potentialAction":[{"@type":"SearchAction","target":{"@type":"EntryPoint","urlTemplate":"https:\/\/arlsaido.ch\/wordpress\/?s={search_term_string}"},"query-input":{"@type":"PropertyValueSpecification","valueRequired":true,"valueName":"search_term_string"}}],"inLanguage":"de-CH"}]}},"_links":{"self":[{"href":"https:\/\/arlsaido.ch\/wordpress\/wp-json\/wp\/v2\/pages\/26112","targetHints":{"allow":["GET"]}}],"collection":[{"href":"https:\/\/arlsaido.ch\/wordpress\/wp-json\/wp\/v2\/pages"}],"about":[{"href":"https:\/\/arlsaido.ch\/wordpress\/wp-json\/wp\/v2\/types\/page"}],"author":[{"embeddable":true,"href":"https:\/\/arlsaido.ch\/wordpress\/wp-json\/wp\/v2\/users\/1"}],"replies":[{"embeddable":true,"href":"https:\/\/arlsaido.ch\/wordpress\/wp-json\/wp\/v2\/comments?post=26112"}],"version-history":[{"count":34,"href":"https:\/\/arlsaido.ch\/wordpress\/wp-json\/wp\/v2\/pages\/26112\/revisions"}],"predecessor-version":[{"id":26455,"href":"https:\/\/arlsaido.ch\/wordpress\/wp-json\/wp\/v2\/pages\/26112\/revisions\/26455"}],"up":[{"embeddable":true,"href":"https:\/\/arlsaido.ch\/wordpress\/wp-json\/wp\/v2\/pages\/24598"}],"wp:attachment":[{"href":"https:\/\/arlsaido.ch\/wordpress\/wp-json\/wp\/v2\/media?parent=26112"}],"curies":[{"name":"wp","href":"https:\/\/api.w.org\/{rel}","templated":true}]}}