{"id":25839,"date":"2020-09-15T16:31:03","date_gmt":"2020-09-15T16:31:03","guid":{"rendered":"http:\/\/arlsaido.ch\/wordpress\/?page_id=25839"},"modified":"2021-09-01T09:39:59","modified_gmt":"2021-09-01T09:39:59","slug":"news","status":"publish","type":"page","link":"https:\/\/arlsaido.ch\/wordpress\/arlsaido-home\/news","title":{"rendered":"News"},"content":{"rendered":"<p>[vc_row row_type=&#187;row&#187; use_row_as_full_screen_section=&#187;yes&#187; type=&#187;full_width&#187; text_align=&#187;center&#187; background_animation=&#187;none&#187; padding_top=&#187;0px&#187; css_animation=&#187;&#187; css=&#187;.vc_custom_1616699142420{margin-top: 25px !important;border-top-width: 1px !important;padding-bottom: 45px !important;background-color: #232425 !important;border-top-color: #4b4b55 !important;border-top-style: solid !important;}&#187;][vc_column][vc_row_inner row_type=&#187;row&#187; type=&#187;full_width&#187; use_row_as_full_screen_section_slide=&#187;no&#187; text_align=&#187;center&#187; css_animation=&#187;&#187; css=&#187;.vc_custom_1600181116577{margin-top: 45px !important;margin-right: 2px !important;margin-left: 2px !important;}&#187;][vc_column_inner width=&#187;1\/6&#8243; offset=&#187;vc_hidden-xs&#187;][\/vc_column_inner][vc_column_inner width=&#187;2\/6&#8243; css=&#187;.vc_custom_1600182152288{padding-top: 5px !important;padding-right: 5px !important;padding-bottom: 5px !important;padding-left: 5px !important;}&#187;][vc_single_image image=&#187;23226&#8243; img_size=&#187;full&#187; alignment=&#187;center&#187; onclick=&#187;custom_link&#187; qode_css_animation=&#187;&#187; link=&#187;https:\/\/arlsaido.ch\/wordpress\/camera-painting\/serie-urban-life-overview&#187;][\/vc_column_inner][vc_column_inner width=&#187;2\/6&#8243; css=&#187;.vc_custom_1600182158656{padding-top: 5px !important;padding-right: 5px !important;padding-bottom: 5px !important;padding-left: 5px !important;}&#187;][vc_column_text css=&#187;.vc_custom_1630489147787{padding-top: 5px !important;padding-right: 10px !important;padding-left: 10px !important;background-image: url(https:\/\/arlsaido.ch\/wordpress\/wp-content\/uploads\/2020\/08\/Rand_Textblock_lo.png?id=24675) !important;background-position: 0 0 !important;background-repeat: no-repeat !important;}&#187;]<\/p>\n<h5 style=\"text-align: left;\"><strong>\u00a0 ARLSAIDO\u00a0in der Galerie art333<\/strong><\/h5>\n<p>&nbsp;<\/p>\n<p style=\"text-align: left;\"><strong>Sommerkunst<\/strong><\/p>\n<p>&nbsp;<\/p>\n<p style=\"text-align: left;\">K\u00fcnstler: ARLSAIDO, Caroline Weber-Fischer, Tom K., Gergana Rohner<\/p>\n<p>&nbsp;<\/p>\n<p style=\"text-align: left;\">Vernissage und K\u00fcnstler-Ap\u00e9ro Sa 24. Jun 2017 ab 14:00 Uhr<\/p>\n<p>&nbsp;<\/p>\n<p style=\"text-align: left;\">Ausstellung vom\u00a024. Jun bis 02. Sep 2017 (Sommerpause 20. Juli &#8211; 20. August)<\/p>\n<p>&nbsp;<\/p>\n<p style=\"text-align: left;\">Ort: Galerie art 333, Seestrasse 333, 8804 Au \/ W\u00e4denswil<\/p>\n<p>[\/vc_column_text][\/vc_column_inner][vc_column_inner width=&#187;1\/6&#8243; offset=&#187;vc_hidden-xs&#187;][\/vc_column_inner][\/vc_row_inner][vc_row_inner row_type=&#187;row&#187; type=&#187;full_width&#187; use_row_as_full_screen_section_slide=&#187;no&#187; text_align=&#187;center&#187; css_animation=&#187;&#187; css=&#187;.vc_custom_1600182389649{margin-top: 25px !important;}&#187;][vc_column_inner]<a href=\"https:\/\/www.art333.ch\" target=\"_blank\" data-hover-background-color='#292a2b' data-hover-border-color='#292a2b'  class=\"qbutton  display_dash qbutton_with_icon\" style=\"background-color: #212223;\">Mehr unter art333.ch<i class=\"qode_icon_font_awesome fa  button_icon\" style=\"\" ><\/i><\/a>[\/vc_column_inner][\/vc_row_inner][\/vc_column][\/vc_row][vc_row row_type=&#187;row&#187; use_row_as_full_screen_section=&#187;yes&#187; type=&#187;full_width&#187; text_align=&#187;center&#187; background_animation=&#187;none&#187; css_animation=&#187;&#187; css=&#187;.vc_custom_1600187433678{border-top-width: 1px !important;padding-bottom: 55px !important;border-top-color: #4b4b55 !important;border-top-style: solid !important;}&#187;][vc_column][vc_row_inner row_type=&#187;row&#187; type=&#187;full_width&#187; use_row_as_full_screen_section_slide=&#187;no&#187; text_align=&#187;center&#187; css_animation=&#187;&#187; css=&#187;.vc_custom_1600181116577{margin-top: 45px !important;margin-right: 2px !important;margin-left: 2px !important;}&#187;][vc_column_inner width=&#187;1\/6&#8243; offset=&#187;vc_hidden-xs&#187;][\/vc_column_inner][vc_column_inner width=&#187;2\/6&#8243; css=&#187;.vc_custom_1600182091821{padding-top: 5px !important;padding-right: 5px !important;padding-bottom: 5px !important;padding-left: 5px !important;}&#187;][vc_single_image image=&#187;23192&#8243; img_size=&#187;full&#187; alignment=&#187;center&#187; onclick=&#187;custom_link&#187; qode_css_animation=&#187;&#187; link=&#187;https:\/\/arlsaido.ch\/wordpress\/camera-painting\/serie-urban-life-overview&#187;][\/vc_column_inner][vc_column_inner width=&#187;2\/6&#8243; css=&#187;.vc_custom_1600182101743{padding-top: 5px !important;padding-right: 5px !important;padding-bottom: 5px !important;padding-left: 5px !important;}&#187;][vc_column_text css=&#187;.vc_custom_1630489164746{padding-top: 5px !important;padding-right: 10px !important;padding-left: 10px !important;background-image: url(https:\/\/arlsaido.ch\/wordpress\/wp-content\/uploads\/2020\/08\/Rand_Textblock_lo.png?id=24675) !important;background-position: 0 0 !important;background-repeat: no-repeat !important;}&#187;]<\/p>\n<h5 style=\"text-align: left;\"><b>\u00a0 ARLSAIDO\u00a0in der Galerie art333<\/b><\/h5>\n<p>&nbsp;<\/p>\n<p style=\"text-align: left;\">beneath the surface<\/p>\n<p style=\"text-align: left;\">Kunst bis in die Tiefen<\/p>\n<p>&nbsp;<\/p>\n<p style=\"text-align: left;\">K\u00fcnstler: ARLSAIDO, Silke Hagen, Bernhard Jordi, Ernestina Abb\u00fchls<\/p>\n<p>&nbsp;<\/p>\n<p style=\"text-align: left;\">Ausstellung vom\u00a01. April\u00a0bis 17. Juni 2017<\/p>\n<p>&nbsp;<\/p>\n<p style=\"text-align: left;\">Ort: Galerie art 333, Seestrasse 333, 8804 Au \/ W\u00e4denswil<\/p>\n<p>[\/vc_column_text][\/vc_column_inner][vc_column_inner width=&#187;1\/6&#8243; offset=&#187;vc_hidden-xs&#187;][\/vc_column_inner][\/vc_row_inner][vc_row_inner row_type=&#187;row&#187; type=&#187;full_width&#187; use_row_as_full_screen_section_slide=&#187;no&#187; text_align=&#187;center&#187; css_animation=&#187;&#187; css=&#187;.vc_custom_1600182466201{margin-top: 25px !important;}&#187;][vc_column_inner]<a href=\"https:\/\/www.art333.ch\" target=\"_blank\"  class=\"qbutton  display_dash qbutton_with_icon\" style=\"\">Mehr unter art333.ch<i class=\"qode_icon_font_awesome fa  button_icon\" style=\"\" ><\/i><\/a>[\/vc_column_inner][\/vc_row_inner][\/vc_column][\/vc_row][vc_row row_type=&#187;row&#187; use_row_as_full_screen_section=&#187;yes&#187; type=&#187;full_width&#187; text_align=&#187;center&#187; background_animation=&#187;none&#187; padding_top=&#187;0px&#187; css_animation=&#187;&#187; css=&#187;.vc_custom_1600187422945{border-top-width: 1px !important;padding-bottom: 45px !important;background-color: #232425 !important;border-top-color: #4b4b55 !important;border-top-style: solid !important;}&#187;][vc_column][vc_row_inner row_type=&#187;row&#187; type=&#187;full_width&#187; use_row_as_full_screen_section_slide=&#187;no&#187; text_align=&#187;center&#187; css_animation=&#187;&#187; css=&#187;.vc_custom_1600181116577{margin-top: 45px !important;margin-right: 2px !important;margin-left: 2px !important;}&#187;][vc_column_inner width=&#187;1\/6&#8243; offset=&#187;vc_hidden-xs&#187;][\/vc_column_inner][vc_column_inner width=&#187;2\/6&#8243; css=&#187;.vc_custom_1600182152288{padding-top: 5px !important;padding-right: 5px !important;padding-bottom: 5px !important;padding-left: 5px !important;}&#187;][vc_single_image image=&#187;23094&#8243; img_size=&#187;full&#187; alignment=&#187;center&#187; onclick=&#187;custom_link&#187; qode_css_animation=&#187;&#187; link=&#187;https:\/\/arlsaido.ch\/wordpress\/camera-painting\/serie-urban-life-overview&#187;][\/vc_column_inner][vc_column_inner width=&#187;2\/6&#8243; css=&#187;.vc_custom_1600182158656{padding-top: 5px !important;padding-right: 5px !important;padding-bottom: 5px !important;padding-left: 5px !important;}&#187;][vc_column_text css=&#187;.vc_custom_1600273863571{padding-top: 5px !important;padding-right: 10px !important;padding-left: 10px !important;background-image: url(https:\/\/arlsaido.ch\/wordpress\/wp-content\/uploads\/2020\/08\/Rand_Textblock_lo.png?id=24675) !important;background-position: 0 0 !important;background-repeat: no-repeat !important;}&#187;]<\/p>\n<h5 style=\"text-align: left;\">\u00a0 ARLSAIDO an der photo17<\/h5>\n<p>&nbsp;<\/p>\n<p style=\"text-align: left;\">Fr 06. &#8211; Di 10. Januar 2017<\/p>\n<p style=\"text-align: left;\">\u00d6ffnungszeiten 11 &#8211; 20 Uhr<\/p>\n<p>&nbsp;<\/p>\n<p style=\"text-align: left;\">Maag Halle, Hardstrasse 219<\/p>\n<p style=\"text-align: left;\">8005 Z\u00fcrich<\/p>\n<p>&nbsp;<\/p>\n<p style=\"text-align: left;\">Die photo ist die gr\u00f6sste Werkschau f\u00fcr Fotografie der Schweiz.<\/p>\n<p>[\/vc_column_text][\/vc_column_inner][vc_column_inner width=&#187;1\/6&#8243; offset=&#187;vc_hidden-xs&#187;][\/vc_column_inner][\/vc_row_inner][vc_row_inner row_type=&#187;row&#187; type=&#187;full_width&#187; use_row_as_full_screen_section_slide=&#187;no&#187; text_align=&#187;center&#187; css_animation=&#187;&#187; css=&#187;.vc_custom_1600182389649{margin-top: 25px !important;}&#187;][vc_column_inner]<a href=\"https:\/\/arlsaido.ch\/wordpress\/arlsaido-home\/news\/photo17\" target=\"_self\" data-hover-background-color='#292a2b' data-hover-border-color='#292a2b'  class=\"qbutton  display_dash qbutton_with_icon\" style=\"background-color: #212223;\">Impressionen<i class=\"qode_icon_font_awesome fa  button_icon\" style=\"\" ><\/i><\/a>[\/vc_column_inner][\/vc_row_inner][\/vc_column][\/vc_row][vc_row row_type=&#187;row&#187; use_row_as_full_screen_section=&#187;yes&#187; type=&#187;full_width&#187; text_align=&#187;center&#187; background_animation=&#187;none&#187; css_animation=&#187;&#187; css=&#187;.vc_custom_1600187414665{border-top-width: 1px !important;padding-bottom: 45px !important;border-top-color: #4b4b55 !important;border-top-style: solid !important;}&#187;][vc_column][vc_row_inner row_type=&#187;row&#187; type=&#187;full_width&#187; use_row_as_full_screen_section_slide=&#187;no&#187; text_align=&#187;center&#187; css_animation=&#187;&#187; css=&#187;.vc_custom_1600181116577{margin-top: 45px !important;margin-right: 2px !important;margin-left: 2px !important;}&#187;][vc_column_inner width=&#187;1\/6&#8243; offset=&#187;vc_hidden-xs&#187;][\/vc_column_inner][vc_column_inner width=&#187;2\/6&#8243; css=&#187;.vc_custom_1600182091821{padding-top: 5px !important;padding-right: 5px !important;padding-bottom: 5px !important;padding-left: 5px !important;}&#187;][vc_single_image image=&#187;22843&#8243; img_size=&#187;full&#187; alignment=&#187;center&#187; onclick=&#187;custom_link&#187; qode_css_animation=&#187;&#187; link=&#187;https:\/\/arlsaido.ch\/wordpress\/camera-painting\/serie-urban-life-overview&#187;][\/vc_column_inner][vc_column_inner width=&#187;2\/6&#8243; css=&#187;.vc_custom_1600182101743{padding-top: 5px !important;padding-right: 5px !important;padding-bottom: 5px !important;padding-left: 5px !important;}&#187;][vc_single_image image=&#187;22842&#8243; img_size=&#187;full&#187; qode_css_animation=&#187;&#187;][\/vc_column_inner][vc_column_inner width=&#187;1\/6&#8243; offset=&#187;vc_hidden-xs&#187;][\/vc_column_inner][\/vc_row_inner][vc_row_inner row_type=&#187;row&#187; type=&#187;full_width&#187; use_row_as_full_screen_section_slide=&#187;no&#187; text_align=&#187;center&#187; css_animation=&#187;&#187; css=&#187;.vc_custom_1600182466201{margin-top: 25px !important;}&#187;][vc_column_inner]<a href=\"https:\/\/arlsaido.ch\/wordpress\/arlsaido-home\/news\/ausstellung-kulturschiene\" target=\"_self\"  class=\"qbutton  display_dash qbutton_with_icon\" style=\"\">Read more<i class=\"qode_icon_font_awesome fa  button_icon\" style=\"\" ><\/i><\/a>[\/vc_column_inner][\/vc_row_inner][\/vc_column][\/vc_row][vc_row row_type=&#187;row&#187; use_row_as_full_screen_section=&#187;yes&#187; type=&#187;full_width&#187; text_align=&#187;center&#187; background_animation=&#187;none&#187; padding_top=&#187;0px&#187; css_animation=&#187;&#187; css=&#187;.vc_custom_1600187405170{border-top-width: 1px !important;padding-bottom: 45px !important;background-color: #232425 !important;border-top-color: #4b4b55 !important;border-top-style: solid !important;}&#187;][vc_column][vc_row_inner row_type=&#187;row&#187; type=&#187;full_width&#187; use_row_as_full_screen_section_slide=&#187;no&#187; text_align=&#187;center&#187; css_animation=&#187;&#187; css=&#187;.vc_custom_1600181116577{margin-top: 45px !important;margin-right: 2px !important;margin-left: 2px !important;}&#187;][vc_column_inner width=&#187;1\/6&#8243; offset=&#187;vc_hidden-xs&#187;][\/vc_column_inner][vc_column_inner width=&#187;2\/6&#8243; css=&#187;.vc_custom_1600182152288{padding-top: 5px !important;padding-right: 5px !important;padding-bottom: 5px !important;padding-left: 5px !important;}&#187;][vc_single_image image=&#187;22697&#8243; img_size=&#187;full&#187; alignment=&#187;center&#187; onclick=&#187;custom_link&#187; qode_css_animation=&#187;&#187; link=&#187;https:\/\/arlsaido.ch\/wordpress\/camera-painting\/serie-urban-life-overview&#187;][\/vc_column_inner][vc_column_inner width=&#187;2\/6&#8243; css=&#187;.vc_custom_1600182158656{padding-top: 5px !important;padding-right: 5px !important;padding-bottom: 5px !important;padding-left: 5px !important;}&#187;][vc_column_text css=&#187;.vc_custom_1600273872155{padding-top: 5px !important;padding-right: 10px !important;padding-left: 10px !important;background-image: url(https:\/\/arlsaido.ch\/wordpress\/wp-content\/uploads\/2020\/08\/Rand_Textblock_lo.png?id=24675) !important;background-position: 0 0 !important;background-repeat: no-repeat !important;}&#187;]<\/p>\n<h5 style=\"text-align: left;\">\u00a0 ARLSAIDO\u00a0in der Galerie art333<\/h5>\n<p>&nbsp;<\/p>\n<p style=\"text-align: left;\">Feb 2016<\/p>\n<p>&nbsp;<\/p>\n<p style=\"text-align: left;\">Gemeinschaftsausstellung<\/p>\n<p style=\"text-align: left;\">Berge von Kunst<\/p>\n<p>&nbsp;<\/p>\n<p style=\"text-align: left;\">Arlsaido mit Fotografien\u00a0aus der Serie Bergwelten.<\/p>\n<p>&nbsp;<\/p>\n<p style=\"text-align: left;\">Ort: Galerie art 333, Seestrasse 333, 8804 Au \/ W\u00e4denswil<\/p>\n<p>[\/vc_column_text][\/vc_column_inner][vc_column_inner width=&#187;1\/6&#8243; offset=&#187;vc_hidden-xs&#187;][\/vc_column_inner][\/vc_row_inner][vc_row_inner row_type=&#187;row&#187; type=&#187;full_width&#187; use_row_as_full_screen_section_slide=&#187;no&#187; text_align=&#187;center&#187; css_animation=&#187;&#187; css=&#187;.vc_custom_1600182389649{margin-top: 25px !important;}&#187;][vc_column_inner]<a href=\"https:\/\/www.art333.ch\" target=\"_blank\" data-hover-background-color='#292a2b' data-hover-border-color='#292a2b'  class=\"qbutton  display_dash qbutton_with_icon\" style=\"background-color: #212223;\">Mehr unter art333.ch<i class=\"qode_icon_font_awesome fa  button_icon\" style=\"\" ><\/i><\/a>[\/vc_column_inner][\/vc_row_inner][\/vc_column][\/vc_row][vc_row row_type=&#187;row&#187; use_row_as_full_screen_section=&#187;yes&#187; type=&#187;full_width&#187; text_align=&#187;center&#187; background_animation=&#187;none&#187; css_animation=&#187;&#187; css=&#187;.vc_custom_1600187396283{border-top-width: 1px !important;padding-bottom: 45px !important;border-top-color: #4b4b55 !important;border-top-style: solid !important;}&#187;][vc_column][vc_row_inner row_type=&#187;row&#187; type=&#187;full_width&#187; use_row_as_full_screen_section_slide=&#187;no&#187; text_align=&#187;center&#187; css_animation=&#187;&#187; css=&#187;.vc_custom_1600181116577{margin-top: 45px !important;margin-right: 2px !important;margin-left: 2px !important;}&#187;][vc_column_inner width=&#187;1\/6&#8243; offset=&#187;vc_hidden-xs&#187;][\/vc_column_inner][vc_column_inner width=&#187;2\/6&#8243; css=&#187;.vc_custom_1600182091821{padding-top: 5px !important;padding-right: 5px !important;padding-bottom: 5px !important;padding-left: 5px !important;}&#187;][vc_single_image image=&#187;22686&#8243; img_size=&#187;full&#187; qode_css_animation=&#187;&#187;][\/vc_column_inner][vc_column_inner width=&#187;2\/6&#8243; css=&#187;.vc_custom_1600182101743{padding-top: 5px !important;padding-right: 5px !important;padding-bottom: 5px !important;padding-left: 5px !important;}&#187;][vc_column_text css=&#187;.vc_custom_1630489195375{padding-top: 5px !important;padding-right: 10px !important;padding-left: 10px !important;background-image: url(https:\/\/arlsaido.ch\/wordpress\/wp-content\/uploads\/2020\/08\/Rand_Textblock_lo.png?id=24675) !important;}&#187;]<\/p>\n<h5 style=\"text-align: left;\">\u00a0 Alte B\u00fcrsti &#8211; Oberentfelden<\/h5>\n<p>&nbsp;<\/p>\n<p style=\"text-align: left;\">12. Dezember 2015<\/p>\n<p>&nbsp;<\/p>\n<p style=\"text-align: left;\">21 K\u00fcnstler stellen aus:<\/p>\n<p style=\"text-align: left;\">andrea stahl \u2022 alexander curtius \u2022 arlsaido \u2022 annikki rigendinger \u2022 catherine zumkeller \u2022 doris althaus \u2022 emanuela bottana \u2022 florian schlumpf \u2022 jean-claude meyer \u2022 judith nussbaumer \u2022 ren\u00e9 fritschi \u2022 rita h\u00e4nni \u2022 sabina schwaar \u2022 sarah reuland \u2022 saskia widmer \u2022 silja coutsicos \u2022 silke rocks \u2022 stefan hunziker \u2022 timo n\u00e4f \u2022 ursula peyer \u2022 verena keller<\/p>\n<p>[\/vc_column_text][\/vc_column_inner][vc_column_inner width=&#187;1\/6&#8243; offset=&#187;vc_hidden-xs&#187;][\/vc_column_inner][\/vc_row_inner][\/vc_column][\/vc_row][vc_row row_type=&#187;row&#187; use_row_as_full_screen_section=&#187;yes&#187; type=&#187;full_width&#187; text_align=&#187;center&#187; background_animation=&#187;none&#187; css_animation=&#187;&#187; css=&#187;.vc_custom_1600187388037{border-top-width: 1px !important;padding-bottom: 45px !important;background-color: #232425 !important;border-top-color: #4b4b55 !important;border-top-style: solid !important;}&#187;][vc_column][vc_row_inner row_type=&#187;row&#187; type=&#187;full_width&#187; use_row_as_full_screen_section_slide=&#187;no&#187; text_align=&#187;center&#187; css_animation=&#187;&#187; css=&#187;.vc_custom_1600181116577{margin-top: 45px !important;margin-right: 2px !important;margin-left: 2px !important;}&#187;][vc_column_inner width=&#187;1\/6&#8243; offset=&#187;vc_hidden-xs&#187;][\/vc_column_inner][vc_column_inner width=&#187;2\/6&#8243; css=&#187;.vc_custom_1600182091821{padding-top: 5px !important;padding-right: 5px !important;padding-bottom: 5px !important;padding-left: 5px !important;}&#187;][vc_single_image image=&#187;22685&#8243; img_size=&#187;full&#187; qode_css_animation=&#187;&#187;][\/vc_column_inner][vc_column_inner width=&#187;2\/6&#8243; css=&#187;.vc_custom_1600182101743{padding-top: 5px !important;padding-right: 5px !important;padding-bottom: 5px !important;padding-left: 5px !important;}&#187;][vc_column_text css=&#187;.vc_custom_1600273890648{padding-top: 5px !important;padding-right: 10px !important;padding-left: 10px !important;background-image: url(https:\/\/arlsaido.ch\/wordpress\/wp-content\/uploads\/2020\/08\/Rand_Textblock_lo.png?id=24675) !important;}&#187;]<\/p>\n<h5 style=\"text-align: left;\">\u00a0 ARLSAIDO bei Fritz86 Art Space &#8211; Z\u00fcrich<\/h5>\n<p>&nbsp;<\/p>\n<p style=\"text-align: left;\">Ausstellung Sep 2015<\/p>\n<p>&nbsp;<\/p>\n<p style=\"text-align: left;\">Die Illusion der Wahrnehmung<\/p>\n<p>&nbsp;<\/p>\n<p style=\"text-align: left;\">Es werden Arbeiten aus der Serie Urban Life gezeigt.<\/p>\n<p>[\/vc_column_text][\/vc_column_inner][vc_column_inner width=&#187;1\/6&#8243; offset=&#187;vc_hidden-xs&#187;][\/vc_column_inner][\/vc_row_inner][\/vc_column][\/vc_row][vc_row row_type=&#187;row&#187; use_row_as_full_screen_section=&#187;yes&#187; type=&#187;full_width&#187; text_align=&#187;center&#187; background_animation=&#187;none&#187; css_animation=&#187;&#187; css=&#187;.vc_custom_1600187375899{border-top-width: 1px !important;padding-bottom: 45px !important;border-top-color: #4b4b55 !important;border-top-style: solid !important;}&#187;][vc_column][vc_row_inner row_type=&#187;row&#187; type=&#187;full_width&#187; use_row_as_full_screen_section_slide=&#187;no&#187; text_align=&#187;center&#187; css_animation=&#187;&#187; css=&#187;.vc_custom_1600181116577{margin-top: 45px !important;margin-right: 2px !important;margin-left: 2px !important;}&#187;][vc_column_inner width=&#187;1\/6&#8243; offset=&#187;vc_hidden-xs&#187;][\/vc_column_inner][vc_column_inner width=&#187;2\/6&#8243; css=&#187;.vc_custom_1600182091821{padding-top: 5px !important;padding-right: 5px !important;padding-bottom: 5px !important;padding-left: 5px !important;}&#187;][vc_single_image image=&#187;22684&#8243; img_size=&#187;full&#187; qode_css_animation=&#187;&#187;][\/vc_column_inner][vc_column_inner width=&#187;2\/6&#8243; css=&#187;.vc_custom_1600182101743{padding-top: 5px !important;padding-right: 5px !important;padding-bottom: 5px !important;padding-left: 5px !important;}&#187;][vc_column_text css=&#187;.vc_custom_1600275119505{padding-top: 5px !important;padding-right: 10px !important;padding-left: 10px !important;background-image: url(https:\/\/arlsaido.ch\/wordpress\/wp-content\/uploads\/2020\/08\/Rand_Textblock_lo.png?id=24675) !important;background-position: 0 0 !important;background-repeat: no-repeat !important;}&#187;]<\/p>\n<h5 style=\"text-align: left;\">\u00a0 ARLSAIDO &#8211; Ausstellung 1<\/h5>\n<p>&nbsp;<\/p>\n<p style=\"text-align: left;\">.. in der Galerie am Lindenhof.\u00a0Die erste Einzelausstellung.<\/p>\n<p>&nbsp;<\/p>\n<p style=\"text-align: left;\">Okt &#8211; Nov 2014<\/p>\n<p>&nbsp;<\/p>\n<p style=\"text-align: left;\">Tauchen Sie ab dem 23. Oktober ein in die Welt von Arlsaido. Lassen Sie Licht- und Wohnskulpturen, Accessoires, Fotografie,\u00a0Malerei und Kunstobjekte auf sich wirken.<\/p>\n<p>&nbsp;<\/p>\n<p style=\"text-align: left;\">Arlsaido Licht- und Wohnskulpturen kombinieren nat\u00fcrlich gewachsene Formen von St\u00e4mmen, \u00c4sten, Schwemmholz mit klaren Glas- und Metallelementen und moderner LED-Technologie.<\/p>\n<p>&nbsp;<\/p>\n<p style=\"text-align: left;\">Arlsaido Fotografie konzentriert sich auf Farben und Strukturen der Motive und setzt diese in Beziehung zu sich selber. Bilder zwischen Realit\u00e4t und Wahrnehmung entstehen.<\/p>\n<p>[\/vc_column_text][\/vc_column_inner][vc_column_inner width=&#187;1\/6&#8243; offset=&#187;vc_hidden-xs&#187;][\/vc_column_inner][\/vc_row_inner][vc_row_inner row_type=&#187;row&#187; type=&#187;full_width&#187; use_row_as_full_screen_section_slide=&#187;no&#187; text_align=&#187;center&#187; css_animation=&#187;&#187; css=&#187;.vc_custom_1600182466201{margin-top: 25px !important;}&#187;][vc_column_inner]<a href=\"https:\/\/arlsaido.ch\/wordpress\/arlsaido-home\/news\/ausstellung-galerie-am-lindenhof\" target=\"_self\"  class=\"qbutton  display_dash qbutton_with_icon\" style=\"\">Impressionen<i class=\"qode_icon_font_awesome fa  button_icon\" style=\"\" ><\/i><\/a>[\/vc_column_inner][\/vc_row_inner][\/vc_column][\/vc_row][vc_row row_type=&#187;row&#187; use_row_as_full_screen_section=&#187;yes&#187; type=&#187;full_width&#187; text_align=&#187;center&#187; background_animation=&#187;none&#187; css_animation=&#187;&#187; css=&#187;.vc_custom_1600187359652{border-top-width: 1px !important;padding-bottom: 75px !important;background-color: #232425 !important;border-top-color: #4b4b55 !important;border-top-style: solid !important;}&#187;][vc_column][vc_row_inner row_type=&#187;row&#187; type=&#187;full_width&#187; use_row_as_full_screen_section_slide=&#187;no&#187; text_align=&#187;center&#187; css_animation=&#187;&#187; css=&#187;.vc_custom_1600181116577{margin-top: 45px !important;margin-right: 2px !important;margin-left: 2px !important;}&#187;][vc_column_inner width=&#187;1\/6&#8243; offset=&#187;vc_hidden-xs&#187;][\/vc_column_inner][vc_column_inner width=&#187;2\/6&#8243; css=&#187;.vc_custom_1600182091821{padding-top: 5px !important;padding-right: 5px !important;padding-bottom: 5px !important;padding-left: 5px !important;}&#187;][vc_single_image image=&#187;22683&#8243; img_size=&#187;full&#187; qode_css_animation=&#187;&#187;][\/vc_column_inner][vc_column_inner width=&#187;2\/6&#8243; css=&#187;.vc_custom_1600182101743{padding-top: 5px !important;padding-right: 5px !important;padding-bottom: 5px !important;padding-left: 5px !important;}&#187;][vc_column_text css=&#187;.vc_custom_1600273910437{padding-top: 5px !important;padding-right: 10px !important;padding-left: 10px !important;background-image: url(https:\/\/arlsaido.ch\/wordpress\/wp-content\/uploads\/2020\/08\/Rand_Textblock_lo.png?id=24675) !important;}&#187;]<\/p>\n<h5 style=\"text-align: left;\">\u00a0 K\u00fcnstlerbundgalerie Graz &#8211; \u00d6sterreich<\/h5>\n<p>&nbsp;<\/p>\n<p style=\"text-align: left;\">Nov\u00a02012<\/p>\n<p>&nbsp;<\/p>\n<p style=\"text-align: left;\">Licht und Stimmungen<\/p>\n<p style=\"text-align: left;\">Gemeinschaftsausstellung mit Christina Kl\u00e4figer<\/p>\n<p>&nbsp;<\/p>\n<p style=\"text-align: left;\">Bilder und Objekte von Christina Kl\u00e4figer.<\/p>\n<p style=\"text-align: left;\">Lichtskulpturen und Wohnskulpturen von ARLSAIDO.<\/p>\n<p>&nbsp;<\/p>\n<p style=\"text-align: left;\">An der Vernissage spricht als Laudatorin die Kunsthistorikerin Frau Dr. Edith Risse.<\/p>\n<p>[\/vc_column_text][\/vc_column_inner][vc_column_inner width=&#187;1\/6&#8243; offset=&#187;vc_hidden-xs&#187;][\/vc_column_inner][\/vc_row_inner][vc_row_inner row_type=&#187;row&#187; type=&#187;full_width&#187; use_row_as_full_screen_section_slide=&#187;no&#187; text_align=&#187;center&#187; css_animation=&#187;&#187; css=&#187;.vc_custom_1600182466201{margin-top: 25px !important;}&#187;][vc_column_inner]<a href=\"https:\/\/arlsaido.ch\/wordpress\/arlsaido-home\/news\/kunstlerbundgalerie-graz\" target=\"_self\" data-hover-background-color='#292a2b' data-hover-border-color='#292a2b'  class=\"qbutton  display_dash qbutton_with_icon\" style=\"background-color: #212223;\">Impressionen<i class=\"qode_icon_font_awesome fa  button_icon\" style=\"\" ><\/i><\/a>[\/vc_column_inner][\/vc_row_inner][\/vc_column][\/vc_row]<\/p>\n","protected":false},"excerpt":{"rendered":"<p>[vc_row row_type=&#187;row&#187; use_row_as_full_screen_section=&#187;yes&#187; type=&#187;full_width&#187; text_align=&#187;center&#187; background_animation=&#187;none&#187; padding_top=&#187;0px&#187; css_animation=&#187;&#187; css=&#187;.vc_custom_1616699142420{margin-top: 25px !important;border-top-width: 1px !important;padding-bottom: 45px !important;background-color: #232425 !important;border-top-color: #4b4b55 !important;border-top-style: solid !important;}&#187;][vc_column][vc_row_inner row_type=&#187;row&#187; type=&#187;full_width&#187; use_row_as_full_screen_section_slide=&#187;no&#187; text_align=&#187;center&#187; css_animation=&#187;&#187; css=&#187;.vc_custom_1600181116577{margin-top: 45px !important;margin-right: 2px !important;margin-left: 2px !important;}&#187;][vc_column_inner width=&#187;1\/6&#8243; offset=&#187;vc_hidden-xs&#187;][\/vc_column_inner][vc_column_inner width=&#187;2\/6&#8243; css=&#187;.vc_custom_1600182152288{padding-top: 5px !important;padding-right: 5px !important;padding-bottom: 5px !important;padding-left: 5px !important;}&#187;][vc_single_image&#8230;<\/p>\n","protected":false},"author":1,"featured_media":0,"parent":23918,"menu_order":0,"comment_status":"closed","ping_status":"closed","template":"full_width.php","meta":{"footnotes":""},"class_list":["post-25839","page","type-page","status-publish","hentry"],"yoast_head":"<!-- This site is optimized with the Yoast SEO plugin v28.0 - https:\/\/yoast.com\/product\/yoast-seo-wordpress\/ -->\n<title>News - ARLSAIDO<\/title>\n<meta name=\"robots\" content=\"index, follow, max-snippet:-1, max-image-preview:large, max-video-preview:-1\" \/>\n<link rel=\"canonical\" href=\"https:\/\/arlsaido.ch\/wordpress\/arlsaido-home\/news\" \/>\n<meta property=\"og:locale\" content=\"de_DE\" \/>\n<meta property=\"og:type\" content=\"article\" \/>\n<meta property=\"og:title\" content=\"News - ARLSAIDO\" \/>\n<meta property=\"og:description\" content=\"[vc_row row_type=&#187;row&#187; use_row_as_full_screen_section=&#187;yes&#187; type=&#187;full_width&#187; text_align=&#187;center&#187; background_animation=&#187;none&#187; padding_top=&#187;0px&#187; css_animation=&#187;&#187; css=&#187;.vc_custom_1616699142420{margin-top: 25px !important;border-top-width: 1px !important;padding-bottom: 45px !important;background-color: #232425 !important;border-top-color: #4b4b55 !important;border-top-style: solid !important;}&#187;][vc_column][vc_row_inner row_type=&#187;row&#187; type=&#187;full_width&#187; use_row_as_full_screen_section_slide=&#187;no&#187; text_align=&#187;center&#187; css_animation=&#187;&#187; css=&#187;.vc_custom_1600181116577{margin-top: 45px !important;margin-right: 2px !important;margin-left: 2px !important;}&#187;][vc_column_inner width=&#187;1\/6&#8243; offset=&#187;vc_hidden-xs&#187;][\/vc_column_inner][vc_column_inner width=&#187;2\/6&#8243; css=&#187;.vc_custom_1600182152288{padding-top: 5px !important;padding-right: 5px !important;padding-bottom: 5px !important;padding-left: 5px !important;}&#187;][vc_single_image...\" \/>\n<meta property=\"og:url\" content=\"https:\/\/arlsaido.ch\/wordpress\/arlsaido-home\/news\" \/>\n<meta property=\"og:site_name\" content=\"ARLSAIDO\" \/>\n<meta property=\"article:modified_time\" content=\"2021-09-01T09:39:59+00:00\" \/>\n<meta name=\"twitter:card\" content=\"summary_large_image\" \/>\n<meta name=\"twitter:label1\" content=\"Gesch\u00e4tzte Lesezeit\" \/>\n\t<meta name=\"twitter:data1\" content=\"5\u00a0Minuten\" \/>\n<!-- \/ Yoast SEO plugin. -->","yoast_head_json":{"title":"News - ARLSAIDO","robots":{"index":"index","follow":"follow","max-snippet":"max-snippet:-1","max-image-preview":"max-image-preview:large","max-video-preview":"max-video-preview:-1"},"canonical":"https:\/\/arlsaido.ch\/wordpress\/arlsaido-home\/news","og_locale":"de_DE","og_type":"article","og_title":"News - ARLSAIDO","og_description":"[vc_row row_type=&#187;row&#187; use_row_as_full_screen_section=&#187;yes&#187; type=&#187;full_width&#187; text_align=&#187;center&#187; background_animation=&#187;none&#187; padding_top=&#187;0px&#187; css_animation=&#187;&#187; css=&#187;.vc_custom_1616699142420{margin-top: 25px !important;border-top-width: 1px !important;padding-bottom: 45px !important;background-color: #232425 !important;border-top-color: #4b4b55 !important;border-top-style: solid !important;}&#187;][vc_column][vc_row_inner row_type=&#187;row&#187; type=&#187;full_width&#187; use_row_as_full_screen_section_slide=&#187;no&#187; text_align=&#187;center&#187; css_animation=&#187;&#187; css=&#187;.vc_custom_1600181116577{margin-top: 45px !important;margin-right: 2px !important;margin-left: 2px !important;}&#187;][vc_column_inner width=&#187;1\/6&#8243; offset=&#187;vc_hidden-xs&#187;][\/vc_column_inner][vc_column_inner width=&#187;2\/6&#8243; css=&#187;.vc_custom_1600182152288{padding-top: 5px !important;padding-right: 5px !important;padding-bottom: 5px !important;padding-left: 5px !important;}&#187;][vc_single_image...","og_url":"https:\/\/arlsaido.ch\/wordpress\/arlsaido-home\/news","og_site_name":"ARLSAIDO","article_modified_time":"2021-09-01T09:39:59+00:00","twitter_card":"summary_large_image","twitter_misc":{"Gesch\u00e4tzte Lesezeit":"5\u00a0Minuten"},"schema":{"@context":"https:\/\/schema.org","@graph":[{"@type":"WebPage","@id":"https:\/\/arlsaido.ch\/wordpress\/arlsaido-home\/news","url":"https:\/\/arlsaido.ch\/wordpress\/arlsaido-home\/news","name":"News - ARLSAIDO","isPartOf":{"@id":"https:\/\/arlsaido.ch\/wordpress\/#website"},"datePublished":"2020-09-15T16:31:03+00:00","dateModified":"2021-09-01T09:39:59+00:00","breadcrumb":{"@id":"https:\/\/arlsaido.ch\/wordpress\/arlsaido-home\/news#breadcrumb"},"inLanguage":"de-CH","potentialAction":[{"@type":"ReadAction","target":["https:\/\/arlsaido.ch\/wordpress\/arlsaido-home\/news"]}]},{"@type":"BreadcrumbList","@id":"https:\/\/arlsaido.ch\/wordpress\/arlsaido-home\/news#breadcrumb","itemListElement":[{"@type":"ListItem","position":1,"name":"Home","item":"https:\/\/arlsaido.ch\/wordpress\/"},{"@type":"ListItem","position":2,"name":"ARLSAIDO Home","item":"https:\/\/arlsaido.ch\/wordpress\/"},{"@type":"ListItem","position":3,"name":"News"}]},{"@type":"WebSite","@id":"https:\/\/arlsaido.ch\/wordpress\/#website","url":"https:\/\/arlsaido.ch\/wordpress\/","name":"ARLSAIDO","description":"photography, camera painting, gigapixel images","potentialAction":[{"@type":"SearchAction","target":{"@type":"EntryPoint","urlTemplate":"https:\/\/arlsaido.ch\/wordpress\/?s={search_term_string}"},"query-input":{"@type":"PropertyValueSpecification","valueRequired":true,"valueName":"search_term_string"}}],"inLanguage":"de-CH"}]}},"_links":{"self":[{"href":"https:\/\/arlsaido.ch\/wordpress\/wp-json\/wp\/v2\/pages\/25839","targetHints":{"allow":["GET"]}}],"collection":[{"href":"https:\/\/arlsaido.ch\/wordpress\/wp-json\/wp\/v2\/pages"}],"about":[{"href":"https:\/\/arlsaido.ch\/wordpress\/wp-json\/wp\/v2\/types\/page"}],"author":[{"embeddable":true,"href":"https:\/\/arlsaido.ch\/wordpress\/wp-json\/wp\/v2\/users\/1"}],"replies":[{"embeddable":true,"href":"https:\/\/arlsaido.ch\/wordpress\/wp-json\/wp\/v2\/comments?post=25839"}],"version-history":[{"count":44,"href":"https:\/\/arlsaido.ch\/wordpress\/wp-json\/wp\/v2\/pages\/25839\/revisions"}],"predecessor-version":[{"id":26858,"href":"https:\/\/arlsaido.ch\/wordpress\/wp-json\/wp\/v2\/pages\/25839\/revisions\/26858"}],"up":[{"embeddable":true,"href":"https:\/\/arlsaido.ch\/wordpress\/wp-json\/wp\/v2\/pages\/23918"}],"wp:attachment":[{"href":"https:\/\/arlsaido.ch\/wordpress\/wp-json\/wp\/v2\/media?parent=25839"}],"curies":[{"name":"wp","href":"https:\/\/api.w.org\/{rel}","templated":true}]}}