{"id":25077,"date":"2020-08-21T19:30:52","date_gmt":"2020-08-21T19:30:52","guid":{"rendered":"http:\/\/arlsaido.ch\/wordpress\/?page_id=25077"},"modified":"2021-03-25T19:07:14","modified_gmt":"2021-03-25T19:07:14","slug":"about-me","status":"publish","type":"page","link":"https:\/\/arlsaido.ch\/wordpress\/about-me","title":{"rendered":"About me"},"content":{"rendered":"<p>[vc_row row_type=&#187;row&#187; use_row_as_full_screen_section=&#187;no&#187; type=&#187;full_width&#187; text_align=&#187;left&#187; background_animation=&#187;none&#187; css_animation=&#187;&#187; css=&#187;.vc_custom_1616699229516{margin-top: 25px !important;margin-right: 2px !important;margin-left: 2px !important;}&#187;][vc_column width=&#187;1\/3&#8243; css=&#187;.vc_custom_1598041269321{padding-top: 5px !important;padding-right: 5px !important;padding-bottom: 25px !important;padding-left: 5px !important;}&#187;][vc_single_image image=&#187;25097&#8243; img_size=&#187;full&#187; qode_css_animation=&#187;&#187;][\/vc_column][vc_column width=&#187;2\/3&#8243; css=&#187;.vc_custom_1598039986197{padding-top: 5px !important;padding-right: 5px !important;padding-bottom: 25px !important;padding-left: 5px !important;}&#187;][vc_column_text css=&#187;.vc_custom_1598097631910{padding-top: 35px !important;padding-right: 25px !important;padding-left: 25px !important;background-image: url(https:\/\/arlsaido.ch\/wordpress\/wp-content\/uploads\/2020\/08\/Rand_Textblock_lo.png?id=24675) !important;background-position: 0 0 !important;background-repeat: no-repeat !important;}&#187;]<\/p>\n<h5 style=\"text-align: left;\">\u00a0 Der Lebensweg<\/h5>\n<h6><\/h6>\n<p>&nbsp;<\/p>\n<p style=\"text-align: left;\">Geboren 1960 in Frankfurt am Main, aufgewachsen in Kassel. Ab 1980 Studium der Informatik an der Technischen Universit\u00e4t M\u00fcnchen, Abschluss Dipl. Informatiker UNIV.\u00a01987 \u00dcbersiedlung in die Schweiz.<\/p>\n<p>[\/vc_column_text][\/vc_column][\/vc_row][vc_row row_type=&#187;row&#187; use_row_as_full_screen_section=&#187;no&#187; type=&#187;full_width&#187; text_align=&#187;left&#187; background_animation=&#187;none&#187; css_animation=&#187;&#187; css=&#187;.vc_custom_1598041399607{margin-right: 2px !important;margin-left: 2px !important;}&#187;][vc_column width=&#187;1\/2&#8243; css=&#187;.vc_custom_1598039970028{padding-top: 5px !important;padding-right: 5px !important;padding-bottom: 25px !important;padding-left: 5px !important;}&#187;][vc_column_text css=&#187;.vc_custom_1598041227025{padding-top: 35px !important;padding-right: 25px !important;padding-left: 25px !important;background-image: url(https:\/\/arlsaido.ch\/wordpress\/wp-content\/uploads\/2020\/08\/Rand_Textblock_lo.png?id=24675) !important;background-position: 0 0 !important;background-repeat: no-repeat !important;}&#187;]<\/p>\n<h5 style=\"text-align: left;\">\u00a0 Roland Hefter<\/h5>\n<div class=\"vc_row wpb_row section vc_row-fluid \" style=\"text-align: left;\">\n<div class=\" full_section_inner clearfix\">\n<div class=\"wpb_column vc_column_container vc_col-sm-12\">\n<div class=\"vc_column-inner\">\n<div class=\"wpb_wrapper\">\n<div class=\"wpb_text_column wpb_content_element \">\n<div class=\"wpb_wrapper\">\n<p>&nbsp;<\/p>\n<p>25 Jahre lang in der Software-Entwicklung als Analyst, Methodiker, Projektleiter t\u00e4tig.\u00a0Vorwiegend in Grossprojekten, erst in der Industrie, sp\u00e4ter mit Schwerpunkt Banken- und Versicherungsbereich in Z\u00fcrich, Bern, Basel und Winterthur.<\/p>\n<\/div>\n<\/div>\n<\/div>\n<\/div>\n<\/div>\n<\/div>\n<\/div>\n<p>[\/vc_column_text][\/vc_column][vc_column width=&#187;1\/2&#8243; css=&#187;.vc_custom_1598039986197{padding-top: 5px !important;padding-right: 5px !important;padding-bottom: 25px !important;padding-left: 5px !important;}&#187;][vc_column_text css=&#187;.vc_custom_1598096882109{padding-top: 39px !important;padding-right: 25px !important;padding-left: 25px !important;background-image: url(https:\/\/arlsaido.ch\/wordpress\/wp-content\/uploads\/2020\/08\/Rand_Textblock_lo.png?id=24675) !important;background-position: 0 0 !important;background-repeat: no-repeat !important;}&#187;]<img decoding=\"async\" class=\"alignleft wp-image-25190\" src=\"https:\/\/arlsaido.ch\/wordpress\/wp-content\/uploads\/2020\/08\/Logo_Arlsaido_light_AboutMe.png\" alt=\"\" width=\"163\" height=\"39\" \/><\/p>\n<p>&nbsp;<\/p>\n<p>&nbsp;<\/p>\n<p>Seit\u00a0Juni 2012 ausschliesslich als freischaffender K\u00fcnstler in den Bereichen Fotografie und Malerei, sowie Licht- und Wohnskulpturen arbeitend. ARLSAIDO ist K\u00fcnstlername und seit Fr\u00fchjahr 2012 als Marke in der Schweiz und EU registriert.[\/vc_column_text][\/vc_column][\/vc_row][vc_row row_type=&#187;row&#187; use_row_as_full_screen_section=&#187;no&#187; type=&#187;full_width&#187; text_align=&#187;left&#187; background_animation=&#187;none&#187; css_animation=&#187;&#187; css=&#187;.vc_custom_1598041421330{margin-right: 2px !important;margin-bottom: 55px !important;margin-left: 2px !important;}&#187;][vc_column css=&#187;.vc_custom_1598041413739{padding-top: 5px !important;padding-right: 5px !important;padding-bottom: 25px !important;padding-left: 5px !important;}&#187;][vc_column_text css=&#187;.vc_custom_1598098717021{padding-top: 35px !important;padding-right: 25px !important;padding-bottom: 13px !important;padding-left: 25px !important;background-image: url(https:\/\/arlsaido.ch\/wordpress\/wp-content\/uploads\/2020\/08\/Rand_Textblock_lo.png?id=24675) !important;background-position: 0 0 !important;background-repeat: no-repeat !important;}&#187;]<\/p>\n<h5 style=\"text-align: left;\">\u00a0 Aktivit\u00e4ten<\/h5>\n<div class=\"vc_row wpb_row section vc_row-fluid \" style=\"text-align: left;\">\n<div class=\" full_section_inner clearfix\">\n<div class=\"wpb_column vc_column_container vc_col-sm-12\">\n<div class=\"vc_column-inner\">\n<div class=\"wpb_wrapper\">\n<div class=\"wpb_text_column wpb_content_element \">\n<div class=\"wpb_wrapper\">\n<p>&nbsp;<\/p>\n<p>2018\/2019 Reisen durch Frankreich und Skandinavien, Schwerpunkt Gigapixel Images<\/p>\n<\/div>\n<\/div>\n<\/div>\n<\/div>\n<\/div>\n<\/div>\n<\/div>\n<p>[\/vc_column_text][vc_column_text css=&#187;.vc_custom_1598098633107{padding-right: 25px !important;padding-bottom: 13px !important;padding-left: 25px !important;background-position: 0 0 !important;background-repeat: no-repeat !important;}&#187;]<\/p>\n<div class=\"vc_row wpb_row section vc_row-fluid \" style=\"text-align: left;\">\n<div class=\" full_section_inner clearfix\">\n<div class=\"wpb_column vc_column_container vc_col-sm-12\">\n<div class=\"vc_column-inner\">\n<div class=\"wpb_wrapper\">\n<div class=\"wpb_text_column wpb_content_element \">\n<div class=\"wpb_wrapper\">\n<p>2017 Camera Painting, Gemeinschaftsausstellung in der Galerie art333 &#8211; W\u00e4denswil, Z\u00fcrich<\/p>\n<\/div>\n<\/div>\n<\/div>\n<\/div>\n<\/div>\n<\/div>\n<\/div>\n<p>[\/vc_column_text][vc_column_text css=&#187;.vc_custom_1598098308223{padding-right: 25px !important;padding-bottom: 13px !important;padding-left: 25px !important;background-position: 0 0 !important;background-repeat: no-repeat !important;}&#187;]<\/p>\n<div class=\"vc_row wpb_row section vc_row-fluid \" style=\"text-align: left;\">\n<div class=\" full_section_inner clearfix\">\n<div class=\"wpb_column vc_column_container vc_col-sm-12\">\n<div class=\"vc_column-inner\">\n<div class=\"wpb_wrapper\">\n<div class=\"wpb_text_column wpb_content_element \">\n<div class=\"wpb_wrapper\">\n<p>2017 photo17 &#8211;\u00a0Maag Halle, Z\u00fcrich<\/p>\n<\/div>\n<\/div>\n<\/div>\n<\/div>\n<\/div>\n<\/div>\n<\/div>\n<p>[\/vc_column_text][vc_column_text css=&#187;.vc_custom_1598098458467{padding-right: 25px !important;padding-bottom: 13px !important;padding-left: 25px !important;background-position: 0 0 !important;background-repeat: no-repeat !important;}&#187;]<\/p>\n<div class=\"vc_row wpb_row section vc_row-fluid \" style=\"text-align: left;\">\n<div class=\" full_section_inner clearfix\">\n<div class=\"wpb_column vc_column_container vc_col-sm-12\">\n<div class=\"vc_column-inner\">\n<div class=\"wpb_wrapper\">\n<div class=\"wpb_text_column wpb_content_element \">\n<div class=\"wpb_wrapper\">\n<p>2016 IN THE FRAME SPACE &#8211; 4 fotografische Ansichten,\u00a0Gemeinschaftsausstellung in der\u00a0Kulturschiene &#8211; Herrliberg-Feldmeilen<\/p>\n<\/div>\n<\/div>\n<\/div>\n<\/div>\n<\/div>\n<\/div>\n<\/div>\n<p>[\/vc_column_text][vc_column_text css=&#187;.vc_custom_1598098491428{padding-right: 25px !important;padding-bottom: 13px !important;padding-left: 25px !important;background-position: 0 0 !important;background-repeat: no-repeat !important;}&#187;]<\/p>\n<div class=\"vc_row wpb_row section vc_row-fluid \" style=\"text-align: left;\">\n<div class=\" full_section_inner clearfix\">\n<div class=\"wpb_column vc_column_container vc_col-sm-12\">\n<div class=\"vc_column-inner\">\n<div class=\"wpb_wrapper\">\n<div class=\"wpb_text_column wpb_content_element \">\n<div class=\"wpb_wrapper\">\n<p>2016 Bergwelten, Gemeinschaftsausstellung in der Galerie art333 &#8211; W\u00e4denswil, Z\u00fcrich<\/p>\n<\/div>\n<\/div>\n<\/div>\n<\/div>\n<\/div>\n<\/div>\n<\/div>\n<p>[\/vc_column_text][vc_column_text css=&#187;.vc_custom_1598098552206{padding-right: 25px !important;padding-bottom: 13px !important;padding-left: 25px !important;background-position: 0 0 !important;background-repeat: no-repeat !important;}&#187;]<\/p>\n<div class=\"vc_row wpb_row section vc_row-fluid \" style=\"text-align: left;\">\n<div class=\" full_section_inner clearfix\">\n<div class=\"wpb_column vc_column_container vc_col-sm-12\">\n<div class=\"vc_column-inner\">\n<div class=\"wpb_wrapper\">\n<div class=\"wpb_text_column wpb_content_element \">\n<div class=\"wpb_wrapper\">\n<p>2015 Gemeinschaftsausstellung &#171;KUNST hoch 3&#187; in der Alten B\u00fcrsti &#8211; Oberentfelden, Aargau<\/p>\n<\/div>\n<\/div>\n<\/div>\n<\/div>\n<\/div>\n<\/div>\n<\/div>\n<p>[\/vc_column_text][vc_column_text css=&#187;.vc_custom_1598098579615{padding-right: 25px !important;padding-bottom: 13px !important;padding-left: 25px !important;background-position: 0 0 !important;background-repeat: no-repeat !important;}&#187;]<\/p>\n<div class=\"vc_row wpb_row section vc_row-fluid \" style=\"text-align: left;\">\n<div class=\" full_section_inner clearfix\">\n<div class=\"wpb_column vc_column_container vc_col-sm-12\">\n<div class=\"vc_column-inner\">\n<div class=\"wpb_wrapper\">\n<div class=\"wpb_text_column wpb_content_element \">\n<div class=\"wpb_wrapper\">\n<p>2015 Ausstellung bei Fritz86\u00a0Art\u00a0Space &#8211; Z\u00fcrich<\/p>\n<\/div>\n<\/div>\n<\/div>\n<\/div>\n<\/div>\n<\/div>\n<\/div>\n<p>[\/vc_column_text][vc_column_text css=&#187;.vc_custom_1598098239173{padding-right: 25px !important;padding-bottom: 13px !important;padding-left: 25px !important;background-position: 0 0 !important;background-repeat: no-repeat !important;}&#187;]<\/p>\n<div class=\"vc_row wpb_row section vc_row-fluid \" style=\"text-align: left;\">\n<div class=\" full_section_inner clearfix\">\n<div class=\"wpb_column vc_column_container vc_col-sm-12\">\n<div class=\"vc_column-inner\">\n<div class=\"wpb_wrapper\">\n<div class=\"wpb_text_column wpb_content_element \">\n<div class=\"wpb_wrapper\">\n<p>2014 Galerie am Lindenhof &#8211; Z\u00fcrich<\/p>\n<\/div>\n<\/div>\n<\/div>\n<\/div>\n<\/div>\n<\/div>\n<\/div>\n<p>[\/vc_column_text][vc_column_text css=&#187;.vc_custom_1598098364270{padding-right: 25px !important;padding-bottom: 13px !important;padding-left: 25px !important;background-position: 0 0 !important;background-repeat: no-repeat !important;}&#187;]<\/p>\n<div class=\"vc_row wpb_row section vc_row-fluid \" style=\"text-align: left;\">\n<div class=\" full_section_inner clearfix\">\n<div class=\"wpb_column vc_column_container vc_col-sm-12\">\n<div class=\"vc_column-inner\">\n<div class=\"wpb_wrapper\">\n<div class=\"wpb_text_column wpb_content_element \">\n<div class=\"wpb_wrapper\">\n<p>2012 Gemeinschaftsausstellung\u00a0\u201eLicht und Stimmungen\u201c in der\u00a0K\u00fcnstlerbundgalerie Graz &#8211; \u00d6sterreich.<\/p>\n<\/div>\n<\/div>\n<\/div>\n<\/div>\n<\/div>\n<\/div>\n<\/div>\n<p>[\/vc_column_text][\/vc_column][\/vc_row]<\/p>\n","protected":false},"excerpt":{"rendered":"<p>[vc_row row_type=&#187;row&#187; use_row_as_full_screen_section=&#187;no&#187; type=&#187;full_width&#187; text_align=&#187;left&#187; background_animation=&#187;none&#187; css_animation=&#187;&#187; css=&#187;.vc_custom_1616699229516{margin-top: 25px !important;margin-right: 2px !important;margin-left: 2px !important;}&#187;][vc_column width=&#187;1\/3&#8243; css=&#187;.vc_custom_1598041269321{padding-top: 5px !important;padding-right: 5px !important;padding-bottom: 25px !important;padding-left: 5px !important;}&#187;][vc_single_image image=&#187;25097&#8243; img_size=&#187;full&#187; qode_css_animation=&#187;&#187;][\/vc_column][vc_column width=&#187;2\/3&#8243; css=&#187;.vc_custom_1598039986197{padding-top: 5px !important;padding-right: 5px !important;padding-bottom: 25px !important;padding-left: 5px !important;}&#187;][vc_column_text css=&#187;.vc_custom_1598097631910{padding-top: 35px !important;padding-right: 25px !important;padding-left: 25px !important;background-image: url(https:\/\/arlsaido.ch\/wordpress\/wp-content\/uploads\/2020\/08\/Rand_Textblock_lo.png?id=24675)&#8230;<\/p>\n","protected":false},"author":1,"featured_media":0,"parent":0,"menu_order":0,"comment_status":"closed","ping_status":"closed","template":"full_width.php","meta":{"footnotes":""},"class_list":["post-25077","page","type-page","status-publish","hentry"],"yoast_head":"<!-- This site is optimized with the Yoast SEO plugin v28.0 - https:\/\/yoast.com\/product\/yoast-seo-wordpress\/ -->\n<title>About me - ARLSAIDO<\/title>\n<meta name=\"robots\" content=\"index, follow, max-snippet:-1, max-image-preview:large, max-video-preview:-1\" \/>\n<link rel=\"canonical\" href=\"https:\/\/arlsaido.ch\/wordpress\/about-me\" \/>\n<meta property=\"og:locale\" content=\"de_DE\" \/>\n<meta property=\"og:type\" content=\"article\" \/>\n<meta property=\"og:title\" content=\"About me - ARLSAIDO\" \/>\n<meta property=\"og:description\" content=\"[vc_row row_type=&#187;row&#187; use_row_as_full_screen_section=&#187;no&#187; type=&#187;full_width&#187; text_align=&#187;left&#187; background_animation=&#187;none&#187; css_animation=&#187;&#187; css=&#187;.vc_custom_1616699229516{margin-top: 25px !important;margin-right: 2px !important;margin-left: 2px !important;}&#187;][vc_column width=&#187;1\/3&#8243; css=&#187;.vc_custom_1598041269321{padding-top: 5px !important;padding-right: 5px !important;padding-bottom: 25px !important;padding-left: 5px !important;}&#187;][vc_single_image image=&#187;25097&#8243; img_size=&#187;full&#187; qode_css_animation=&#187;&#187;][\/vc_column][vc_column width=&#187;2\/3&#8243; css=&#187;.vc_custom_1598039986197{padding-top: 5px !important;padding-right: 5px !important;padding-bottom: 25px !important;padding-left: 5px !important;}&#187;][vc_column_text css=&#187;.vc_custom_1598097631910{padding-top: 35px !important;padding-right: 25px !important;padding-left: 25px !important;background-image: url(https:\/\/arlsaido.ch\/wordpress\/wp-content\/uploads\/2020\/08\/Rand_Textblock_lo.png?id=24675)...\" \/>\n<meta property=\"og:url\" content=\"https:\/\/arlsaido.ch\/wordpress\/about-me\" \/>\n<meta property=\"og:site_name\" content=\"ARLSAIDO\" \/>\n<meta property=\"article:modified_time\" content=\"2021-03-25T19:07:14+00:00\" \/>\n<meta property=\"og:image\" content=\"http:\/\/arlsaido.ch\/wordpress\/wp-content\/uploads\/2020\/08\/Logo_Arlsaido_light_AboutMe.png\" \/>\n<meta name=\"twitter:card\" content=\"summary_large_image\" \/>\n<meta name=\"twitter:label1\" content=\"Gesch\u00e4tzte Lesezeit\" \/>\n\t<meta name=\"twitter:data1\" content=\"3\u00a0Minuten\" \/>\n<!-- \/ Yoast SEO plugin. -->","yoast_head_json":{"title":"About me - ARLSAIDO","robots":{"index":"index","follow":"follow","max-snippet":"max-snippet:-1","max-image-preview":"max-image-preview:large","max-video-preview":"max-video-preview:-1"},"canonical":"https:\/\/arlsaido.ch\/wordpress\/about-me","og_locale":"de_DE","og_type":"article","og_title":"About me - ARLSAIDO","og_description":"[vc_row row_type=&#187;row&#187; use_row_as_full_screen_section=&#187;no&#187; type=&#187;full_width&#187; text_align=&#187;left&#187; background_animation=&#187;none&#187; css_animation=&#187;&#187; css=&#187;.vc_custom_1616699229516{margin-top: 25px !important;margin-right: 2px !important;margin-left: 2px !important;}&#187;][vc_column width=&#187;1\/3&#8243; css=&#187;.vc_custom_1598041269321{padding-top: 5px !important;padding-right: 5px !important;padding-bottom: 25px !important;padding-left: 5px !important;}&#187;][vc_single_image image=&#187;25097&#8243; img_size=&#187;full&#187; qode_css_animation=&#187;&#187;][\/vc_column][vc_column width=&#187;2\/3&#8243; css=&#187;.vc_custom_1598039986197{padding-top: 5px !important;padding-right: 5px !important;padding-bottom: 25px !important;padding-left: 5px !important;}&#187;][vc_column_text css=&#187;.vc_custom_1598097631910{padding-top: 35px !important;padding-right: 25px !important;padding-left: 25px !important;background-image: url(https:\/\/arlsaido.ch\/wordpress\/wp-content\/uploads\/2020\/08\/Rand_Textblock_lo.png?id=24675)...","og_url":"https:\/\/arlsaido.ch\/wordpress\/about-me","og_site_name":"ARLSAIDO","article_modified_time":"2021-03-25T19:07:14+00:00","og_image":[{"url":"http:\/\/arlsaido.ch\/wordpress\/wp-content\/uploads\/2020\/08\/Logo_Arlsaido_light_AboutMe.png","type":"","width":"","height":""}],"twitter_card":"summary_large_image","twitter_misc":{"Gesch\u00e4tzte Lesezeit":"3\u00a0Minuten"},"schema":{"@context":"https:\/\/schema.org","@graph":[{"@type":"WebPage","@id":"https:\/\/arlsaido.ch\/wordpress\/about-me","url":"https:\/\/arlsaido.ch\/wordpress\/about-me","name":"About me - ARLSAIDO","isPartOf":{"@id":"https:\/\/arlsaido.ch\/wordpress\/#website"},"primaryImageOfPage":{"@id":"https:\/\/arlsaido.ch\/wordpress\/about-me#primaryimage"},"image":{"@id":"https:\/\/arlsaido.ch\/wordpress\/about-me#primaryimage"},"thumbnailUrl":"http:\/\/arlsaido.ch\/wordpress\/wp-content\/uploads\/2020\/08\/Logo_Arlsaido_light_AboutMe.png","datePublished":"2020-08-21T19:30:52+00:00","dateModified":"2021-03-25T19:07:14+00:00","breadcrumb":{"@id":"https:\/\/arlsaido.ch\/wordpress\/about-me#breadcrumb"},"inLanguage":"de-CH","potentialAction":[{"@type":"ReadAction","target":["https:\/\/arlsaido.ch\/wordpress\/about-me"]}]},{"@type":"ImageObject","inLanguage":"de-CH","@id":"https:\/\/arlsaido.ch\/wordpress\/about-me#primaryimage","url":"http:\/\/arlsaido.ch\/wordpress\/wp-content\/uploads\/2020\/08\/Logo_Arlsaido_light_AboutMe.png","contentUrl":"http:\/\/arlsaido.ch\/wordpress\/wp-content\/uploads\/2020\/08\/Logo_Arlsaido_light_AboutMe.png"},{"@type":"BreadcrumbList","@id":"https:\/\/arlsaido.ch\/wordpress\/about-me#breadcrumb","itemListElement":[{"@type":"ListItem","position":1,"name":"Home","item":"https:\/\/arlsaido.ch\/wordpress\/"},{"@type":"ListItem","position":2,"name":"About me"}]},{"@type":"WebSite","@id":"https:\/\/arlsaido.ch\/wordpress\/#website","url":"https:\/\/arlsaido.ch\/wordpress\/","name":"ARLSAIDO","description":"photography, camera painting, gigapixel images","potentialAction":[{"@type":"SearchAction","target":{"@type":"EntryPoint","urlTemplate":"https:\/\/arlsaido.ch\/wordpress\/?s={search_term_string}"},"query-input":{"@type":"PropertyValueSpecification","valueRequired":true,"valueName":"search_term_string"}}],"inLanguage":"de-CH"}]}},"_links":{"self":[{"href":"https:\/\/arlsaido.ch\/wordpress\/wp-json\/wp\/v2\/pages\/25077","targetHints":{"allow":["GET"]}}],"collection":[{"href":"https:\/\/arlsaido.ch\/wordpress\/wp-json\/wp\/v2\/pages"}],"about":[{"href":"https:\/\/arlsaido.ch\/wordpress\/wp-json\/wp\/v2\/types\/page"}],"author":[{"embeddable":true,"href":"https:\/\/arlsaido.ch\/wordpress\/wp-json\/wp\/v2\/users\/1"}],"replies":[{"embeddable":true,"href":"https:\/\/arlsaido.ch\/wordpress\/wp-json\/wp\/v2\/comments?post=25077"}],"version-history":[{"count":87,"href":"https:\/\/arlsaido.ch\/wordpress\/wp-json\/wp\/v2\/pages\/25077\/revisions"}],"predecessor-version":[{"id":26437,"href":"https:\/\/arlsaido.ch\/wordpress\/wp-json\/wp\/v2\/pages\/25077\/revisions\/26437"}],"wp:attachment":[{"href":"https:\/\/arlsaido.ch\/wordpress\/wp-json\/wp\/v2\/media?parent=25077"}],"curies":[{"name":"wp","href":"https:\/\/api.w.org\/{rel}","templated":true}]}}