{"id":22858,"date":"2016-09-15T09:26:05","date_gmt":"2016-09-15T09:26:05","guid":{"rendered":"http:\/\/arlsaido.ch\/?page_id=22858"},"modified":"2020-09-16T16:49:48","modified_gmt":"2020-09-16T16:49:48","slug":"ausstellung-kulturschiene","status":"publish","type":"page","link":"https:\/\/arlsaido.ch\/wordpress\/arlsaido-home\/news\/ausstellung-kulturschiene","title":{"rendered":"IN THE FRAME SPACE"},"content":{"rendered":"<p>[vc_row row_type=&#187;row&#187; use_row_as_full_screen_section=&#187;yes&#187; type=&#187;full_width&#187; text_align=&#187;left&#187; background_animation=&#187;none&#187; css_animation=&#187;&#187; css=&#187;.vc_custom_1600254103527{margin-right: 2px !important;margin-left: 2px !important;}&#187;][vc_column width=&#187;1\/6&#8243; offset=&#187;vc_hidden-xs&#187;][\/vc_column][vc_column width=&#187;4\/6&#8243; css=&#187;.vc_custom_1600253832001{padding-top: 5px !important;padding-right: 5px !important;padding-left: 5px !important;}&#187;][vc_column_text css=&#187;.vc_custom_1600274985486{padding-top: 5px !important;padding-right: 10px !important;padding-left: 10px !important;background-image: url(https:\/\/arlsaido.ch\/wordpress\/wp-content\/uploads\/2020\/08\/Rand_Textblock_lo.png?id=24675) !important;background-position: 0 0 !important;background-repeat: no-repeat !important;}&#187;]<\/p>\n<h5 style=\"text-align: left;\">\u00a0 Ausstellung in der Kulturschiene<\/h5>\n<p>&nbsp;<\/p>\n<p style=\"text-align: left;\">26. &#8211; 30. Oktober 2016<\/p>\n<p>[\/vc_column_text][\/vc_column][vc_column width=&#187;1\/6&#8243; offset=&#187;vc_hidden-xs&#187;][\/vc_column][\/vc_row][vc_row row_type=&#187;row&#187; use_row_as_full_screen_section=&#187;yes&#187; type=&#187;full_width&#187; text_align=&#187;center&#187; background_animation=&#187;none&#187; css_animation=&#187;&#187; css=&#187;.vc_custom_1600254264288{margin-top: 55px !important;margin-right: 2px !important;margin-bottom: 65px !important;margin-left: 2px !important;}&#187;][vc_column width=&#187;1\/6&#8243; offset=&#187;vc_hidden-xs&#187;][\/vc_column][vc_column width=&#187;4\/6&#8243; css=&#187;.vc_custom_1600253925683{padding-top: 5px !important;padding-right: 5px !important;padding-left: 5px !important;}&#187;][vc_single_image image=&#187;22906&#8243; img_size=&#187;full&#187; alignment=&#187;center&#187; qode_css_animation=&#187;&#187;][\/vc_column][vc_column width=&#187;1\/6&#8243; offset=&#187;vc_hidden-xs&#187;][\/vc_column][\/vc_row][vc_row row_type=&#187;row&#187; use_row_as_full_screen_section=&#187;yes&#187; type=&#187;full_width&#187; text_align=&#187;left&#187; background_animation=&#187;none&#187; css_animation=&#187;&#187; css=&#187;.vc_custom_1600254087055{margin-right: 2px !important;margin-bottom: 45px !important;margin-left: 2px !important;}&#187;][vc_column width=&#187;1\/6&#8243; offset=&#187;vc_hidden-xs&#187;][\/vc_column][vc_column width=&#187;4\/6&#8243; css=&#187;.vc_custom_1600254128998{padding-top: 5px !important;padding-right: 5px !important;padding-left: 5px !important;}&#187;][vc_column_text css=&#187;.vc_custom_1600274059396{padding-top: 5px !important;padding-right: 10px !important;padding-left: 10px !important;background-image: url(https:\/\/arlsaido.ch\/wordpress\/wp-content\/uploads\/2020\/08\/Rand_Textblock_lo.png?id=24675) !important;background-position: 0 0 !important;background-repeat: no-repeat !important;}&#187;]<\/p>\n<p style=\"text-align: left;\">\u00a0 ARLSAIDO, Markus Arpagaus, Andrea Steiger und Veronica Mayer pr\u00e4sentieren\u00a0ihre 4 fotografischen Ansichten.<\/p>\n<p>&nbsp;<\/p>\n<p style=\"text-align: left;\">T\u00e4gliches Programm mit Sherry Degustation durchgef\u00fchrt von Friends of Sherry und Harfenkl\u00e4ngen von Phyllis Barth.<\/p>\n<p>&nbsp;<\/p>\n<p style=\"text-align: left;\">kulturschiene,\u00a0beim Bahnhof,\u00a0General Wille Strasse,\u00a08704 Herrliberg-Feldmeilen<\/p>\n<p>[\/vc_column_text][\/vc_column][vc_column width=&#187;1\/6&#8243; offset=&#187;vc_hidden-xs&#187;][\/vc_column][\/vc_row][vc_row row_type=&#187;row&#187; use_row_as_full_screen_section=&#187;yes&#187; type=&#187;full_width&#187; text_align=&#187;left&#187; background_animation=&#187;none&#187; css_animation=&#187;&#187; css=&#187;.vc_custom_1600254120582{margin-right: 2px !important;margin-left: 2px !important;}&#187;][vc_column width=&#187;1\/6&#8243; offset=&#187;vc_hidden-xs&#187;][\/vc_column][vc_column width=&#187;1\/3&#8243; css=&#187;.vc_custom_1600274079131{padding-top: 5px !important;padding-right: 5px !important;padding-bottom: 5px !important;padding-left: 5px !important;}&#187;][vc_single_image image=&#187;22843&#8243; img_size=&#187;large&#187; qode_css_animation=&#187;&#187;][\/vc_column][vc_column width=&#187;1\/3&#8243; css=&#187;.vc_custom_1600274085157{padding-top: 5px !important;padding-right: 5px !important;padding-bottom: 5px !important;padding-left: 5px !important;}&#187;][vc_single_image image=&#187;22842&#8243; img_size=&#187;large&#187; qode_css_animation=&#187;&#187;][\/vc_column][vc_column width=&#187;1\/6&#8243; offset=&#187;vc_hidden-xs&#187;][\/vc_column][\/vc_row][vc_row row_type=&#187;row&#187; use_row_as_full_screen_section=&#187;yes&#187; type=&#187;full_width&#187; text_align=&#187;center&#187; background_animation=&#187;none&#187; css_animation=&#187;&#187; css=&#187;.vc_custom_1600254351105{margin-right: 2px !important;margin-bottom: 65px !important;margin-left: 2px !important;}&#187;][vc_column css=&#187;.vc_custom_1600254364518{padding-top: 5px !important;padding-right: 5px !important;padding-left: 5px !important;}&#187;][vc_column_text css=&#187;.vc_custom_1600274158539{margin-bottom: 35px !important;}&#187;]<\/p>\n<p style=\"text-align: center;\">AKTUELLES\u00a0AUF<\/p>\n<p style=\"text-align: center;\">WWW.FACEBOOK.COM\/INTHEFRAMESPACE<\/p>\n<p>[\/vc_column_text]<a href=\"https:\/\/www.facebook.com\/INTHEFRAMESPACE\/\" target=\"_blank\"  class=\"qbutton \" style=\"\">facebook<\/a>[\/vc_column][\/vc_row][vc_row row_type=&#187;row&#187; use_row_as_full_screen_section=&#187;yes&#187; type=&#187;full_width&#187; text_align=&#187;left&#187; background_animation=&#187;none&#187; css_animation=&#187;&#187; css=&#187;.vc_custom_1600254377147{margin-right: 2px !important;margin-bottom: 45px !important;margin-left: 2px !important;}&#187;][vc_column css=&#187;.vc_custom_1600254391926{padding-top: 5px !important;padding-right: 5px !important;padding-left: 5px !important;}&#187;][vc_row_inner row_type=&#187;row&#187; type=&#187;full_width&#187; use_row_as_full_screen_section_slide=&#187;no&#187; text_align=&#187;left&#187; css_animation=&#187;&#187;][vc_column_inner width=&#187;1\/6&#8243;][\/vc_column_inner][vc_column_inner width=&#187;4\/6&#8243;][vc_column_text css=&#187;.vc_custom_1600190439308{padding-top: 5px !important;padding-right: 10px !important;padding-left: 10px !important;background-image: url(https:\/\/arlsaido.ch\/wordpress\/wp-content\/uploads\/2020\/08\/Rand_Textblock_lo.png?id=24675) !important;background-position: 0 0 !important;background-repeat: no-repeat !important;}&#187;]<\/p>\n<h5 style=\"text-align: left;\"><strong>\u00a0 Harfe &#8211; Phyllis Barth<\/strong><\/h5>\n<p>&nbsp;<\/p>\n<p style=\"text-align: left;\">Wir freuen uns jeden Abend Phyllis Barth mit ihrer Harfe\u00a0in der Kulturschiene w\u00e4hrend unserer Ausstellung begr\u00fcssen zu d\u00fcrfen.<\/p>\n<p>&nbsp;<\/p>\n<p style=\"text-align: left;\">Das, was ich bisher von Phyllis h\u00f6ren durfte, klang einfach toll!<\/p>\n<p>[\/vc_column_text][\/vc_column_inner][vc_column_inner width=&#187;1\/6&#8243;][\/vc_column_inner][\/vc_row_inner][\/vc_column][\/vc_row][vc_row row_type=&#187;row&#187; use_row_as_full_screen_section=&#187;yes&#187; type=&#187;full_width&#187; text_align=&#187;left&#187; background_animation=&#187;none&#187; css_animation=&#187;&#187; css=&#187;.vc_custom_1600254455435{margin-right: 2px !important;margin-bottom: 65px !important;margin-left: 2px !important;}&#187;][vc_column width=&#187;1\/6&#8243; offset=&#187;vc_hidden-xs&#187;][\/vc_column][vc_column width=&#187;1\/3&#8243; css=&#187;.vc_custom_1600274197758{padding-top: 5px !important;padding-right: 5px !important;padding-bottom: 5px !important;padding-left: 5px !important;}&#187;][vc_single_image image=&#187;22874&#8243; img_size=&#187;large&#187; alignment=&#187;center&#187; qode_css_animation=&#187;&#187;][\/vc_column][vc_column width=&#187;1\/3&#8243; css=&#187;.vc_custom_1600274206309{padding-top: 5px !important;padding-right: 5px !important;padding-bottom: 5px !important;padding-left: 5px !important;}&#187;][vc_single_image image=&#187;22881&#8243; img_size=&#187;large&#187; alignment=&#187;center&#187; qode_css_animation=&#187;&#187;][\/vc_column][vc_column width=&#187;1\/6&#8243; offset=&#187;vc_hidden-xs&#187;][\/vc_column][\/vc_row][vc_row row_type=&#187;row&#187; use_row_as_full_screen_section=&#187;yes&#187; type=&#187;full_width&#187; text_align=&#187;left&#187; background_animation=&#187;none&#187; css_animation=&#187;&#187; css=&#187;.vc_custom_1600254560083{margin-right: 2px !important;margin-bottom: 45px !important;margin-left: 2px !important;}&#187;][vc_column width=&#187;1\/6&#8243; offset=&#187;vc_hidden-xs&#187;][\/vc_column][vc_column width=&#187;2\/3&#8243; css=&#187;.vc_custom_1600254526753{padding-top: 5px !important;padding-right: 5px !important;padding-left: 5px !important;}&#187;][vc_column_text css=&#187;.vc_custom_1600190558164{padding-top: 5px !important;padding-right: 10px !important;padding-left: 10px !important;background-image: url(https:\/\/arlsaido.ch\/wordpress\/wp-content\/uploads\/2020\/08\/Rand_Textblock_lo.png?id=24675) !important;background-position: 0 0 !important;background-repeat: no-repeat !important;}&#187;]<\/p>\n<h5 style=\"text-align: left;\">\u00a0 Die Kunst<\/h5>\n<p>&nbsp;<\/p>\n<p style=\"text-align: left;\">4 fotografische Ansichten &#8211;\u00a0so unterschiedlich wir sind, so unterschiedlich sind\u00a0auch unsere Werke. Vom klassischen Portrait bis zum\u00a0konkret abstrakten Camera Painting\u00a0werden Arbeiten\u00a0pr\u00e4sentiert.<\/p>\n<p>&nbsp;<\/p>\n<p style=\"text-align: left;\">Wir hoffen, dass unsere Begeisterung f\u00fcr die verschiedenen fotografischen Ansichten\u00a0auch sie\u00a0als Besucher begeistern wird.<\/p>\n<p>[\/vc_column_text][\/vc_column][vc_column width=&#187;1\/6&#8243; offset=&#187;vc_hidden-xs&#187;][\/vc_column][\/vc_row][vc_row row_type=&#187;row&#187; use_row_as_full_screen_section=&#187;yes&#187; type=&#187;full_width&#187; text_align=&#187;left&#187; background_animation=&#187;none&#187; css_animation=&#187;&#187; css=&#187;.vc_custom_1600254552882{margin-right: 2px !important;margin-bottom: 65px !important;margin-left: 2px !important;}&#187;][vc_column width=&#187;1\/6&#8243; offset=&#187;vc_hidden-xs&#187;][\/vc_column][vc_column width=&#187;1\/3&#8243; css=&#187;.vc_custom_1600274215666{padding-top: 5px !important;padding-right: 5px !important;padding-bottom: 5px !important;padding-left: 5px !important;}&#187;][vc_single_image image=&#187;22932&#8243; img_size=&#187;large&#187; alignment=&#187;center&#187; qode_css_animation=&#187;&#187;][\/vc_column][vc_column width=&#187;1\/3&#8243; css=&#187;.vc_custom_1600274221980{padding-top: 5px !important;padding-right: 5px !important;padding-bottom: 5px !important;padding-left: 5px !important;}&#187;][vc_single_image image=&#187;22930&#8243; img_size=&#187;large&#187; alignment=&#187;center&#187; qode_css_animation=&#187;&#187;][\/vc_column][vc_column width=&#187;1\/6&#8243; offset=&#187;vc_hidden-xs&#187;][\/vc_column][\/vc_row][vc_row row_type=&#187;row&#187; use_row_as_full_screen_section=&#187;yes&#187; type=&#187;full_width&#187; text_align=&#187;left&#187; background_animation=&#187;none&#187; css_animation=&#187;&#187; css=&#187;.vc_custom_1600254649486{margin-right: 2px !important;margin-bottom: 45px !important;margin-left: 2px !important;}&#187;][vc_column width=&#187;1\/6&#8243; offset=&#187;vc_hidden-xs&#187;][\/vc_column][vc_column width=&#187;2\/3&#8243; css=&#187;.vc_custom_1600254664262{padding-top: 5px !important;padding-right: 5px !important;padding-left: 5px !important;}&#187;][vc_column_text css=&#187;.vc_custom_1600190281988{padding-top: 5px !important;padding-right: 10px !important;padding-left: 10px !important;background-image: url(https:\/\/arlsaido.ch\/wordpress\/wp-content\/uploads\/2020\/08\/Rand_Textblock_lo.png?id=24675) !important;background-position: 0 0 !important;background-repeat: no-repeat !important;}&#187;]<\/p>\n<h5 style=\"text-align: left;\">\u00a0 Friends of Sherry<\/h5>\n<p>&nbsp;<\/p>\n<p style=\"text-align: left;\">Was hatten Christopher Columbus, Magellan und William Shakespeare gemeinsam? Sie alle tranken mit Vorliebe Sherry!\u00a0 Shakespeare schw\u00e4rmte sogar in seinen Werken von dem einmaligen Getr\u00e4nk.<\/p>\n<p>&nbsp;<\/p>\n<p style=\"text-align: left;\">Auch Roman Benz und Monika Schweizer\u00a0wurden vom Sherry Virus gepackt als sie\u00a0vor zwei Jahren in den Bodegas von Sanlucar de Barrameda seine 3000-j\u00e4hrige Geschichte, seine einzigartige Herstellungsweise und seine unglaubliche Vielf\u00e4ltigkeit kennen lernten.<\/p>\n<p>&nbsp;<\/p>\n<p style=\"text-align: left;\">Friends of Sherry ist der erste Sherry &amp; Jeaune Degustations Club am Z\u00fcrichsee. Wir sind gespannt auf die t\u00e4glich pr\u00e4sentierten Bodegas.<\/p>\n<p>[\/vc_column_text][\/vc_column][vc_column width=&#187;1\/6&#8243; offset=&#187;vc_hidden-xs&#187;][\/vc_column][\/vc_row][vc_row row_type=&#187;row&#187; use_row_as_full_screen_section=&#187;yes&#187; type=&#187;full_width&#187; text_align=&#187;center&#187; background_animation=&#187;none&#187; css_animation=&#187;&#187; css=&#187;.vc_custom_1600254698254{margin-right: 2px !important;margin-bottom: 65px !important;margin-left: 2px !important;}&#187;][vc_column css=&#187;.vc_custom_1600254707787{padding-top: 5px !important;padding-right: 5px !important;padding-left: 5px !important;}&#187;][vc_single_image image=&#187;22934&#8243; img_size=&#187;medium&#187; alignment=&#187;center&#187; qode_css_animation=&#187;&#187; css=&#187;.vc_custom_1600191348623{margin-bottom: 35px !important;}&#187;]<a href=\"http:\/\/www.friends-of-sherry.ch\" target=\"_blank\"  class=\"qbutton \" style=\"\">Friends of Sherry<\/a>[\/vc_column][\/vc_row][vc_row row_type=&#187;row&#187; use_row_as_full_screen_section=&#187;yes&#187; type=&#187;full_width&#187; text_align=&#187;center&#187; background_animation=&#187;none&#187; css_animation=&#187;&#187; css=&#187;.vc_custom_1600254734883{margin-right: 2px !important;margin-bottom: 45px !important;margin-left: 2px !important;}&#187;][vc_column width=&#187;1\/6&#8243; offset=&#187;vc_hidden-xs&#187;][\/vc_column][vc_column width=&#187;2\/3&#8243; css=&#187;.vc_custom_1600254744608{padding-top: 5px !important;padding-right: 5px !important;padding-left: 5px !important;}&#187;][vc_column_text css=&#187;.vc_custom_1600274239020{margin-top: 35px !important;padding-top: 5px !important;padding-right: 10px !important;padding-left: 10px !important;background-image: url(https:\/\/arlsaido.ch\/wordpress\/wp-content\/uploads\/2020\/08\/Rand_Textblock_lo.png?id=24675) !important;background-position: 0 0 !important;background-repeat: no-repeat !important;}&#187;]<\/p>\n<p style=\"text-align: left;\">\u00a0 Am Donnerstagabend den 27. Oktober wird uns Marc Affolter von BAUR au LAC Vins, Filiale M\u00e4nnedorf, die Sherry\u00a0des Bodega Guti\u00e9rrez Colosia\u00a0zeigen.<\/p>\n<p>&nbsp;<\/p>\n<p style=\"text-align: left;\">Entdecken Sie die Feinheiten von f\u00fcnf unterschiedlichen Sherry\u2018s. Angefangen beim eleganten \u201eFine\u201c bis zum \u00fcppig, s\u00fcssen \u201ePedro Ximenez\u201c.<\/p>\n<p>&nbsp;<\/p>\n<p style=\"text-align: left;\">Die Welt des Sherry ist fast grenzenlos \u2013 begleiten Sie uns auf einer spannenden Entdeckungsreise.<\/p>\n<p>[\/vc_column_text][\/vc_column][vc_column width=&#187;1\/6&#8243; offset=&#187;vc_hidden-xs&#187;][\/vc_column][\/vc_row][vc_row row_type=&#187;row&#187; use_row_as_full_screen_section=&#187;yes&#187; type=&#187;full_width&#187; text_align=&#187;center&#187; background_animation=&#187;none&#187; css_animation=&#187;&#187; css=&#187;.vc_custom_1600254773977{margin-right: 2px !important;margin-bottom: 65px !important;margin-left: 2px !important;}&#187;][vc_column]<a href=\"https:\/\/www.bauraulacvins.ch\" target=\"_blank\"  class=\"qbutton \" style=\"\">BAUR au LAC Vins<\/a>[\/vc_column][\/vc_row][vc_row row_type=&#187;row&#187; use_row_as_full_screen_section=&#187;yes&#187; type=&#187;full_width&#187; text_align=&#187;left&#187; background_animation=&#187;none&#187; css_animation=&#187;&#187; css=&#187;.vc_custom_1600274884032{margin-right: 2px !important;margin-bottom: 15px !important;margin-left: 2px !important;}&#187;][vc_column width=&#187;1\/6&#8243; offset=&#187;vc_hidden-xs&#187;][\/vc_column][vc_column width=&#187;1\/3&#8243; css=&#187;.vc_custom_1600274259577{padding-top: 5px !important;padding-right: 5px !important;padding-bottom: 5px !important;padding-left: 5px !important;}&#187;][vc_single_image image=&#187;22936&#8243; img_size=&#187;large&#187; alignment=&#187;center&#187; qode_css_animation=&#187;&#187;][\/vc_column][vc_column width=&#187;1\/3&#8243; css=&#187;.vc_custom_1600274861561{padding-top: 5px !important;padding-right: 5px !important;padding-bottom: 5px !important;padding-left: 5px !important;}&#187;][vc_single_image image=&#187;22935&#8243; img_size=&#187;large&#187; alignment=&#187;center&#187; qode_css_animation=&#187;&#187; css=&#187;.vc_custom_1600274721361{margin-bottom: 25px !important;}&#187;][vc_column_text]<\/p>\n<p style=\"text-align: left;\">(Fotos: Guti\u00e9rrez Colosia)<\/p>\n<p>[\/vc_column_text][\/vc_column][vc_column width=&#187;1\/6&#8243; offset=&#187;vc_hidden-xs&#187;][\/vc_column][\/vc_row][vc_row row_type=&#187;row&#187; use_row_as_full_screen_section=&#187;yes&#187; type=&#187;full_width&#187; text_align=&#187;center&#187; background_animation=&#187;none&#187; css_animation=&#187;&#187; css=&#187;.vc_custom_1600254844434{margin-right: 2px !important;margin-bottom: 65px !important;margin-left: 2px !important;}&#187;][vc_column]<a href=\"http:\/\/www.gutierrezcolosia.com\" target=\"_blank\"  class=\"qbutton \" style=\"\">Bodega Guti\u00e9rrez Colosia<\/a>[\/vc_column][\/vc_row][vc_row row_type=&#187;row&#187; use_row_as_full_screen_section=&#187;yes&#187; type=&#187;full_width&#187; text_align=&#187;center&#187; background_animation=&#187;none&#187; css_animation=&#187;&#187; css=&#187;.vc_custom_1600254864077{margin-right: 2px !important;margin-bottom: 45px !important;margin-left: 2px !important;}&#187;][vc_column width=&#187;1\/6&#8243; offset=&#187;vc_hidden-xs&#187;][\/vc_column][vc_column width=&#187;2\/3&#8243; css=&#187;.vc_custom_1600254875332{padding-top: 5px !important;padding-right: 5px !important;padding-left: 5px !important;}&#187;][vc_column_text css=&#187;.vc_custom_1600190168270{padding-top: 5px !important;padding-right: 10px !important;padding-left: 10px !important;background-image: url(https:\/\/arlsaido.ch\/wordpress\/wp-content\/uploads\/2020\/08\/Rand_Textblock_lo.png?id=24675) !important;background-position: 0 0 !important;background-repeat: no-repeat !important;}&#187;]<\/p>\n<h5 style=\"text-align: left;\">\u00a0 Die Aufschneider<\/h5>\n<p style=\"text-align: left;\">Wie schon 2014 werden DIE AUFSCHNEIDER Moni\u00a0+ Roman f\u00fcr das leibliche Wohl sorgen. Ich freue mich!<\/p>\n<p>[\/vc_column_text][\/vc_column][vc_column width=&#187;1\/6&#8243; offset=&#187;vc_hidden-xs&#187;][\/vc_column][\/vc_row][vc_row row_type=&#187;row&#187; use_row_as_full_screen_section=&#187;yes&#187; type=&#187;full_width&#187; text_align=&#187;center&#187; background_animation=&#187;none&#187; css_animation=&#187;&#187; css=&#187;.vc_custom_1600274599551{margin-right: 2px !important;margin-bottom: 15px !important;margin-left: 2px !important;}&#187;][vc_column css=&#187;.vc_custom_1600274553631{padding-top: 5px !important;padding-right: 5px !important;padding-left: 5px !important;}&#187;][vc_single_image image=&#187;22786&#8243; img_size=&#187;large&#187; alignment=&#187;center&#187; qode_css_animation=&#187;&#187; css=&#187;.vc_custom_1600191662351{margin-bottom: 25px !important;}&#187;][vc_column_text]<\/p>\n<p style=\"text-align: center;\">2014 in der Galerie am Lindenhof<\/p>\n<p>[\/vc_column_text][\/vc_column][\/vc_row][vc_row row_type=&#187;row&#187; use_row_as_full_screen_section=&#187;yes&#187; type=&#187;full_width&#187; text_align=&#187;center&#187; background_animation=&#187;none&#187; css_animation=&#187;&#187; css=&#187;.vc_custom_1600254917154{margin-right: 2px !important;margin-bottom: 65px !important;margin-left: 2px !important;}&#187;][vc_column]<a href=\"http:\/\/www.die-aufschneider.ch\" target=\"_blank\"  class=\"qbutton \" style=\"\">DIE AUFSCHNEIDER<\/a>[\/vc_column][\/vc_row][vc_row row_type=&#187;row&#187; use_row_as_full_screen_section=&#187;yes&#187; type=&#187;full_width&#187; text_align=&#187;center&#187; background_animation=&#187;none&#187; css_animation=&#187;&#187; css=&#187;.vc_custom_1600254949206{margin-right: 2px !important;margin-bottom: 65px !important;margin-left: 2px !important;}&#187;][vc_column width=&#187;1\/6&#8243; offset=&#187;vc_hidden-xs&#187;][\/vc_column][vc_column width=&#187;2\/3&#8243; css=&#187;.vc_custom_1600254957565{padding-top: 5px !important;padding-right: 5px !important;padding-left: 5px !important;}&#187;][vc_column_text css=&#187;.vc_custom_1600191634876{padding-top: 5px !important;padding-right: 10px !important;padding-left: 10px !important;background-image: url(https:\/\/arlsaido.ch\/wordpress\/wp-content\/uploads\/2020\/08\/Rand_Textblock_lo.png?id=24675) !important;background-position: 0 0 !important;background-repeat: no-repeat !important;}&#187;]<\/p>\n<h5 style=\"text-align: left;\">\u00a0 Programm<\/h5>\n<p>&nbsp;<\/p>\n<p style=\"text-align: left;\"><strong>MITTWOCH 26. BIS SONNTAG 30. OKTOBER 2016<\/strong><\/p>\n<p>&nbsp;<\/p>\n<p style=\"text-align: left;\">T\u00c4GLICH GE\u00d6FFNET, MI-SA 10.00 &#8211; 22.00 UHR, SO 10.00 &#8211; 17.00 UHR (Eintritt frei)<\/p>\n<p>&nbsp;<\/p>\n<p style=\"text-align: left;\"><strong>MI 26.10. VERNISSAGE<\/strong>, 19.00 &#8211; 22.00 UHR,<br \/>\nMIT LAUDATORIN BARBARA KELLER FOTOGRAFIN \/ DOZENTIN<\/p>\n<p>&nbsp;<\/p>\n<p style=\"text-align: left;\"><strong>MI &#8211; SO HARFEN INTERMEZZO<\/strong>,<\/p>\n<p style=\"text-align: left;\">MI-FR AB 18.00 UHR &#8211; SA\/SO AB 15.00 UHR,<br \/>\nPHYLLIS BARTH<\/p>\n<p>&nbsp;<\/p>\n<p style=\"text-align: left;\"><strong>MI &#8211; SA SHERRY DEGUSTATION<\/strong>,<br \/>\nFRIENDS OF SHERRY &#8211; ROMAN BENZ,<br \/>\nDIE WELT DES SHERRY MIT WEINEN VON 5 BODEGAS<\/p>\n<p>&nbsp;<\/p>\n<p style=\"text-align: left;\">DELGADO ZULETA &amp; REY FERNANDO DE CASTILLA, MI 17.00 &#8211; 22.00 UHR<\/p>\n<p>&nbsp;<\/p>\n<p style=\"text-align: left;\">GUTIERREZ COLOSIA, BAUR AU LAC VINS &#8211; MARC AFFOLTER, DO 19.30 &#8211; 22.00 UHR<\/p>\n<p>&nbsp;<\/p>\n<p style=\"text-align: left;\">URIUM &amp; SANCHEZ ROMATE, FR 17.00 &#8211; 22.00 UHR<\/p>\n<p>&nbsp;<\/p>\n<p style=\"text-align: left;\">DELGADO ZULETA &amp; URIUM, SOWIE AUSGESUCHTE SPEZIALIT\u00c4TEN &amp; RARIT\u00c4TEN (CHF 35), SA 17.00 &#8211; 22.00 UHR<\/p>\n<p>&nbsp;<\/p>\n<p style=\"text-align: left;\"><strong>KULINARISCHE BEGLEITUNG DURCH DIE AUFSCHNEIDER<\/strong> MI-SA 18.00 &#8211; 22.00 UHR<\/p>\n<p>&nbsp;<\/p>\n<p style=\"text-align: left;\"><strong>SO 30.10. FINISSAGE<\/strong> 14.00 &#8211; 17.00 UHR<\/p>\n<p>[\/vc_column_text][\/vc_column][vc_column width=&#187;1\/6&#8243; offset=&#187;vc_hidden-xs&#187;][\/vc_column][\/vc_row][vc_row row_type=&#187;row&#187; use_row_as_full_screen_section=&#187;yes&#187; type=&#187;full_width&#187; text_align=&#187;center&#187; background_animation=&#187;none&#187; css_animation=&#187;&#187; css=&#187;.vc_custom_1600254993777{margin-right: 2px !important;margin-bottom: 45px !important;margin-left: 2px !important;}&#187;][vc_column css=&#187;.vc_custom_1600255001364{padding-top: 5px !important;padding-right: 5px !important;padding-left: 5px !important;}&#187;][vc_single_image image=&#187;22906&#8243; img_size=&#187;medium&#187; alignment=&#187;center&#187; qode_css_animation=&#187;&#187;][\/vc_column][\/vc_row][vc_row row_type=&#187;row&#187; use_row_as_full_screen_section=&#187;yes&#187; type=&#187;full_width&#187; text_align=&#187;center&#187; background_animation=&#187;none&#187; css_animation=&#187;&#187; css=&#187;.vc_custom_1600255191426{margin-right: 2px !important;margin-bottom: 95px !important;margin-left: 2px !important;}&#187;][vc_column css=&#187;.vc_custom_1600255019623{padding-top: 5px !important;padding-right: 5px !important;padding-left: 5px !important;}&#187;]<a href=\"https:\/\/arlsaido.ch\/wordpress\/arlsaido-home\/news\" target=\"_self\"  class=\"qbutton \" style=\"\">Back to news<\/a>[\/vc_column][\/vc_row]<\/p>\n","protected":false},"excerpt":{"rendered":"<p>[vc_row row_type=&#187;row&#187; use_row_as_full_screen_section=&#187;yes&#187; type=&#187;full_width&#187; text_align=&#187;left&#187; background_animation=&#187;none&#187; css_animation=&#187;&#187; css=&#187;.vc_custom_1600254103527{margin-right: 2px !important;margin-left: 2px !important;}&#187;][vc_column width=&#187;1\/6&#8243; offset=&#187;vc_hidden-xs&#187;][\/vc_column][vc_column width=&#187;4\/6&#8243; css=&#187;.vc_custom_1600253832001{padding-top: 5px !important;padding-right: 5px !important;padding-left: 5px !important;}&#187;][vc_column_text css=&#187;.vc_custom_1600274985486{padding-top: 5px !important;padding-right: 10px !important;padding-left: 10px !important;background-image: url(https:\/\/arlsaido.ch\/wordpress\/wp-content\/uploads\/2020\/08\/Rand_Textblock_lo.png?id=24675) !important;background-position: 0 0 !important;background-repeat: no-repeat !important;}&#187;] \u00a0 Ausstellung in der Kulturschiene &nbsp; 26. &#8211; 30&#8230;.<\/p>\n","protected":false},"author":1,"featured_media":0,"parent":25839,"menu_order":0,"comment_status":"closed","ping_status":"closed","template":"full_width.php","meta":{"footnotes":""},"class_list":["post-22858","page","type-page","status-publish","hentry"],"yoast_head":"<!-- This site is optimized with the Yoast SEO plugin v28.0 - https:\/\/yoast.com\/product\/yoast-seo-wordpress\/ -->\n<title>IN THE FRAME SPACE - ARLSAIDO<\/title>\n<meta name=\"robots\" content=\"index, follow, max-snippet:-1, max-image-preview:large, max-video-preview:-1\" \/>\n<link rel=\"canonical\" href=\"https:\/\/arlsaido.ch\/wordpress\/arlsaido-home\/news\/ausstellung-kulturschiene\" \/>\n<meta property=\"og:locale\" content=\"de_DE\" \/>\n<meta property=\"og:type\" content=\"article\" \/>\n<meta property=\"og:title\" content=\"IN THE FRAME SPACE - ARLSAIDO\" \/>\n<meta property=\"og:description\" content=\"[vc_row row_type=&#187;row&#187; use_row_as_full_screen_section=&#187;yes&#187; type=&#187;full_width&#187; text_align=&#187;left&#187; background_animation=&#187;none&#187; css_animation=&#187;&#187; css=&#187;.vc_custom_1600254103527{margin-right: 2px !important;margin-left: 2px !important;}&#187;][vc_column width=&#187;1\/6&#8243; offset=&#187;vc_hidden-xs&#187;][\/vc_column][vc_column width=&#187;4\/6&#8243; css=&#187;.vc_custom_1600253832001{padding-top: 5px !important;padding-right: 5px !important;padding-left: 5px !important;}&#187;][vc_column_text css=&#187;.vc_custom_1600274985486{padding-top: 5px !important;padding-right: 10px !important;padding-left: 10px !important;background-image: url(https:\/\/arlsaido.ch\/wordpress\/wp-content\/uploads\/2020\/08\/Rand_Textblock_lo.png?id=24675) !important;background-position: 0 0 !important;background-repeat: no-repeat !important;}&#187;] \u00a0 Ausstellung in der Kulturschiene &nbsp; 26. &#8211; 30....\" \/>\n<meta property=\"og:url\" content=\"https:\/\/arlsaido.ch\/wordpress\/arlsaido-home\/news\/ausstellung-kulturschiene\" \/>\n<meta property=\"og:site_name\" content=\"ARLSAIDO\" \/>\n<meta property=\"article:modified_time\" content=\"2020-09-16T16:49:48+00:00\" \/>\n<meta name=\"twitter:card\" content=\"summary_large_image\" \/>\n<meta name=\"twitter:label1\" content=\"Gesch\u00e4tzte Lesezeit\" \/>\n\t<meta name=\"twitter:data1\" content=\"12\u00a0Minuten\" \/>\n<!-- \/ Yoast SEO plugin. -->","yoast_head_json":{"title":"IN THE FRAME SPACE - ARLSAIDO","robots":{"index":"index","follow":"follow","max-snippet":"max-snippet:-1","max-image-preview":"max-image-preview:large","max-video-preview":"max-video-preview:-1"},"canonical":"https:\/\/arlsaido.ch\/wordpress\/arlsaido-home\/news\/ausstellung-kulturschiene","og_locale":"de_DE","og_type":"article","og_title":"IN THE FRAME SPACE - ARLSAIDO","og_description":"[vc_row row_type=&#187;row&#187; use_row_as_full_screen_section=&#187;yes&#187; type=&#187;full_width&#187; text_align=&#187;left&#187; background_animation=&#187;none&#187; css_animation=&#187;&#187; css=&#187;.vc_custom_1600254103527{margin-right: 2px !important;margin-left: 2px !important;}&#187;][vc_column width=&#187;1\/6&#8243; offset=&#187;vc_hidden-xs&#187;][\/vc_column][vc_column width=&#187;4\/6&#8243; css=&#187;.vc_custom_1600253832001{padding-top: 5px !important;padding-right: 5px !important;padding-left: 5px !important;}&#187;][vc_column_text css=&#187;.vc_custom_1600274985486{padding-top: 5px !important;padding-right: 10px !important;padding-left: 10px !important;background-image: url(https:\/\/arlsaido.ch\/wordpress\/wp-content\/uploads\/2020\/08\/Rand_Textblock_lo.png?id=24675) !important;background-position: 0 0 !important;background-repeat: no-repeat !important;}&#187;] \u00a0 Ausstellung in der Kulturschiene &nbsp; 26. &#8211; 30....","og_url":"https:\/\/arlsaido.ch\/wordpress\/arlsaido-home\/news\/ausstellung-kulturschiene","og_site_name":"ARLSAIDO","article_modified_time":"2020-09-16T16:49:48+00:00","twitter_card":"summary_large_image","twitter_misc":{"Gesch\u00e4tzte Lesezeit":"12\u00a0Minuten"},"schema":{"@context":"https:\/\/schema.org","@graph":[{"@type":"WebPage","@id":"https:\/\/arlsaido.ch\/wordpress\/arlsaido-home\/news\/ausstellung-kulturschiene","url":"https:\/\/arlsaido.ch\/wordpress\/arlsaido-home\/news\/ausstellung-kulturschiene","name":"IN THE FRAME SPACE - ARLSAIDO","isPartOf":{"@id":"https:\/\/arlsaido.ch\/wordpress\/#website"},"datePublished":"2016-09-15T09:26:05+00:00","dateModified":"2020-09-16T16:49:48+00:00","breadcrumb":{"@id":"https:\/\/arlsaido.ch\/wordpress\/arlsaido-home\/news\/ausstellung-kulturschiene#breadcrumb"},"inLanguage":"de-CH","potentialAction":[{"@type":"ReadAction","target":["https:\/\/arlsaido.ch\/wordpress\/arlsaido-home\/news\/ausstellung-kulturschiene"]}]},{"@type":"BreadcrumbList","@id":"https:\/\/arlsaido.ch\/wordpress\/arlsaido-home\/news\/ausstellung-kulturschiene#breadcrumb","itemListElement":[{"@type":"ListItem","position":1,"name":"Home","item":"https:\/\/arlsaido.ch\/wordpress\/"},{"@type":"ListItem","position":2,"name":"ARLSAIDO Home","item":"https:\/\/arlsaido.ch\/wordpress\/"},{"@type":"ListItem","position":3,"name":"News","item":"https:\/\/arlsaido.ch\/wordpress\/arlsaido-home\/news"},{"@type":"ListItem","position":4,"name":"IN THE FRAME SPACE"}]},{"@type":"WebSite","@id":"https:\/\/arlsaido.ch\/wordpress\/#website","url":"https:\/\/arlsaido.ch\/wordpress\/","name":"ARLSAIDO","description":"photography, camera painting, gigapixel images","potentialAction":[{"@type":"SearchAction","target":{"@type":"EntryPoint","urlTemplate":"https:\/\/arlsaido.ch\/wordpress\/?s={search_term_string}"},"query-input":{"@type":"PropertyValueSpecification","valueRequired":true,"valueName":"search_term_string"}}],"inLanguage":"de-CH"}]}},"_links":{"self":[{"href":"https:\/\/arlsaido.ch\/wordpress\/wp-json\/wp\/v2\/pages\/22858","targetHints":{"allow":["GET"]}}],"collection":[{"href":"https:\/\/arlsaido.ch\/wordpress\/wp-json\/wp\/v2\/pages"}],"about":[{"href":"https:\/\/arlsaido.ch\/wordpress\/wp-json\/wp\/v2\/types\/page"}],"author":[{"embeddable":true,"href":"https:\/\/arlsaido.ch\/wordpress\/wp-json\/wp\/v2\/users\/1"}],"replies":[{"embeddable":true,"href":"https:\/\/arlsaido.ch\/wordpress\/wp-json\/wp\/v2\/comments?post=22858"}],"version-history":[{"count":111,"href":"https:\/\/arlsaido.ch\/wordpress\/wp-json\/wp\/v2\/pages\/22858\/revisions"}],"predecessor-version":[{"id":25945,"href":"https:\/\/arlsaido.ch\/wordpress\/wp-json\/wp\/v2\/pages\/22858\/revisions\/25945"}],"up":[{"embeddable":true,"href":"https:\/\/arlsaido.ch\/wordpress\/wp-json\/wp\/v2\/pages\/25839"}],"wp:attachment":[{"href":"https:\/\/arlsaido.ch\/wordpress\/wp-json\/wp\/v2\/media?parent=22858"}],"curies":[{"name":"wp","href":"https:\/\/api.w.org\/{rel}","templated":true}]}}